{"id":867,"date":"2022-09-14T15:59:13","date_gmt":"2022-09-14T13:59:13","guid":{"rendered":"https:\/\/www.eltern-bilinguisme.org\/elternvertreter-innen\/"},"modified":"2024-08-28T12:13:38","modified_gmt":"2024-08-28T10:13:38","slug":"elternvertreter-innen","status":"publish","type":"page","link":"https:\/\/www.eltern-bilinguisme.org\/de\/elternvertreter-innen\/","title":{"rendered":"Elternvertreter\/innen"},"content":{"rendered":"\n<h3 class=\"wp-block-heading\"><strong>Eltern haben das Recht, ihre Vertreter\/innen zu w\u00e4hlen &#8211; warum nicht auch Sie?<\/strong><\/h3>\n\n<div style=\"height:22px\" aria-hidden=\"true\" class=\"wp-block-spacer\"><\/div>\n\n<figure class=\"wp-block-embed is-type-video is-provider-youtube wp-block-embed-youtube wp-embed-aspect-16-9 wp-has-aspect-ratio\"><div class=\"wp-block-embed__wrapper\"> \n<iframe loading=\"lazy\" title=\"\u00c9lections des repr\u00e9sentants de parents d&#039;\u00e9l\u00e8ves : votez Eltern Alsace !\" width=\"1170\" height=\"658\" src=\"https:\/\/www.youtube.com\/embed\/M4MB3Wy6Tyw?feature=oembed\" frameborder=\"0\" allow=\"accelerometer; autoplay; clipboard-write; encrypted-media; gyroscope; picture-in-picture; web-share\" referrerpolicy=\"strict-origin-when-cross-origin\" allowfullscreen><\/iframe>\n <\/div><\/figure>\n\n<h2 class=\"wp-block-heading\" style=\"font-size:30px\"><strong>Wie funktioniert das?<\/strong><\/h2>\n\n<h3 class=\"wp-block-heading\" style=\"text-transform:uppercase\"><strong>In den Kinderg\u00e4rten und Grundschulen:<\/strong><\/h3>\n\n<p>Die Eltern stimmen ab, um ihre Vertreter\/innen f\u00fcr den Schulrat zu bestimmen. <\/p>\n\n<p>Der Schulrat:<\/p>\n\n<ul>\n<li>stimmt \u00fcber die Schulordnung ab,<\/li>\n\n\n\n<li>verabschiedet das Schulprojekt,<\/li>\n\n\n\n<li>gibt seine Meinung ab und macht Vorschl\u00e4ge zur Funktionsweise der Schule und zu allen Fragen des Schullebens: Integration von Kindern mit Behinderungen, Schulverpflegung, Schulhygiene, Sicherheit der Kinder usw.,<\/li>\n\n\n\n<li>gibt seine Zustimmung zur Organisation von zus\u00e4tzlichen, erzieherischen, sportlichen oder kulturellen Aktivit\u00e4ten,<\/li>\n\n\n\n<li>kann ein abweichendes Projekt zur Organisation der Schulzeit vorschlagen.<\/li>\n<\/ul>\n\n<p>Die Anzahl der im Schulrat vertretenen Elternvertreter\/innen entspricht der Anzahl der Klassen. Jedes vertretungsberechtigte Elternteil kann eine\/n Stellvertreter\/in haben.<\/p>\n\n<h3 class=\"wp-block-heading\" style=\"text-transform:uppercase\"><strong>Im \u201eColl\u00e8ge\u201c und \u201eLyc\u00e9e\u201c (weiterf\u00fchrende Schulen):<\/strong><\/h3>\n\n<p>Je nach Art und Gr\u00f6\u00dfe der Schule gibt es in jedem Verwaltungsrat f\u00fcnf, sechs oder sieben Elternvertreter\/innen.<\/p>\n\n<p>Der Verwaltungsrat ist das beschlussfassende Organ der Einrichtung. Dieser tritt auf Initiative des Schulleiters oder der Schulleiterin mindestens dreimal im Jahr zu einer ordentlichen Sitzung zusammen. Der Verwaltungsrat hat folgende Aufgaben:<\/p>\n\n<ul>\n<li>verabschiedet das Schulprojekt, den Haushalt und die Hausordnung,<\/li>\n\n\n\n<li>gibt seine Zustimmung zum Programm des Sportunterrichts,<\/li>\n\n\n\n<li>ber\u00e4t \u00fcber Fragen in Zusammenhang mit Hygiene, Gesundheit und Sicherheit,<\/li>\n\n\n\n<li>gibt seine Stellungnahme ab zu den Grunds\u00e4tzen der Auswahl von Lehrb\u00fcchern und Lehrmaterialien, zur Einrichtung von Studienoptionen und \u2013 bereichen usw.,<\/li>\n\n\n\n<li>entscheidet \u00fcber Fragen im Zusammenhang mit dem Einbezug und der Bereitstellung von Informationen f\u00fcr Eltern von Sch\u00fclerinnen und Sch\u00fclern sowie \u00fcber die allgemeinen Modalit\u00e4ten ihrer Beteiligung am Schulleben.<\/li>\n<\/ul>\n\n<p>Auf Wunsch der Eltern k\u00f6nnen die Elternvertreter\/innen auch eine Vermittlerrolle gegen\u00fcber der Bildungseinrichtung \u00fcbernehmen.<\/p>\n\n<p>In der Mittel- und Oberstufe fungieren einige Eltern auch als Elternvertreter\/innen in den Klassenr\u00e4ten, die dreimal im Jahr am Ende jedes Trimesters stattfinden. Die Listen dieser Delegierten werden von den Vorsitzenden der Kandidatenlisten vorgeschlagen, die bei den Wahlen Stimmen erhalten haben, und sie werden vom Schulleiter oder der Schulleiterin unter Ber\u00fccksichtigung der Wahlergebnisse ernannt.<\/p>\n\n<p>Weitere Informationen \u00fcber die Rolle der Elternvertreter\/innen finden Sie auf der Website des Bildungsministeriums: \u201e<a href=\"https:\/\/eduscol.education.fr\/2259\/la-representation-des-parents-d-eleves\"><em>Les d\u00e9l\u00e9gu\u00e9s de parents<\/em><\/a>\u201c (auf Franz\u00f6sisch).<\/p>\n\n<p><\/p>\n\n<div class=\"wp-block-group\"><div class=\"wp-block-group__inner-container is-layout-flow wp-block-group-is-layout-flow\">\n<div class=\"wp-block-group\"><div class=\"wp-block-group__inner-container is-layout-flow wp-block-group-is-layout-flow\">\n<p>Die Eltern, die in den Schulrat, den Klassenrat oder den Verwaltungsrat gew\u00e4hlt werden, vertreten alle Eltern. Sie agieren als Informations- und Vermittlungsinstanz zwischen den Eltern und der Schule. Sie haben ein offenes Ohr f\u00fcr die Anliegen der Eltern und stehen in st\u00e4ndigem Kontakt mit der Schulleitung und den Lehrkr\u00e4ften.<\/p>\n\n\n\n<p>Als Sprachrohr der Eltern sprechen sie bei diesen Treffen alle Probleme und Fragen an, die Familien an sie herangetragen haben.<\/p>\n<\/div><\/div>\n<\/div><\/div>\n\n<p><\/p>\n\n<h2 class=\"wp-block-heading\" style=\"font-size:30px\"><strong>Worin besteht die Rolle von Eltern Alsace? Und warum sollte man eine Liste von Eltern Alsace aufstellen?<\/strong><\/h2>\n\n<p>Die Elternvereinigung Eltern Alsace f\u00f6rdert und unterst\u00fctzt Initiativen zum Erlernen von Sprachen in und au\u00dferhalb der Schule (Gemeinden, Familie &#8230;). Sie vertritt die Eltern ebenfalls bei den Verwaltungs- und Bildungsbeh\u00f6rden, bei anderen Verb\u00e4nden sowie bei Versammlungen und Kolloquien zum Thema Sprachen.<\/p>\n\n<p>Um am Schulleben aktiv teilnehmen zu k\u00f6nnen sowie eine Vertretung in den Gremien auf Ebene der \u201eD\u00e9partements\u201c zu haben, m\u00fcssen die Elternvereinigungen \u00fcber gew\u00e4hlte Vertreter\/innen verf\u00fcgen. Die Elternvereinigungen sind daher dazu angehalten, Eltern f\u00fcr die Wahl der Delegierten in den Schulr\u00e4ten vorzuschlagen.<\/p>\n\n<p>Da die Zukunft unserer Kinder auch vom Engagement der Eltern auf vielen Ebenen abh\u00e4ngt, bieten wir Ihnen an, unseren Beitrag als Eltern zu leisten. Gemeinsam machen wir aus unseren Schulen einen herzlichen und einladenden Ort, der das Wohl der Kinder in den Vordergrund stellt.<\/p>\n\n<p>Und gleichzeitig k\u00f6nnen Sie Eltern Alsace vertreten. <\/p>\n\n<p>Je mehr gew\u00e4hlte Vertreter\/innen eine Elternvereinigung hat, desto mehr Gewicht hat diese gegen\u00fcber dem Bildungsministerium. Diese Sitze helfen Eltern Alsace, die notwendige Repr\u00e4sentativit\u00e4t zu erlangen, um die Interessen aller Kinder zu vertreten sowie deren Teilnahme am Schulleben zu erm\u00f6glichen. Au\u00dferdem beinhaltet dies ebenfalls eine Interessevertretung in den Gremien auf Ebene der \u201eD\u00e9partements\u201c.<\/p>\n\n<p><strong>Wir z\u00e4hlen auf Ihre Unterst\u00fctzung und Ihr Engagement!<\/strong><\/p>\n\n<h2 class=\"wp-block-heading\" style=\"font-size:30px\"><strong>Weiterf\u00fchrende Informationen<\/strong><\/h2>\n\n<h3 class=\"wp-block-heading\" style=\"text-transform:uppercase\"><strong>Vorgang Einreichung Wahlliste:<\/strong><\/h3>\n\n<div class=\"wp-block-columns is-layout-flex wp-container-core-columns-is-layout-1 wp-block-columns-is-layout-flex\">\n<div class=\"wp-block-column is-layout-flow wp-block-column-is-layout-flow\">\n<p><strong>Einige zus\u00e4tzliche Dokumente (nur auf Franz\u00f6sisch verf\u00fcgbar):<\/strong><\/p>\n\n\n\n<div class=\"wp-block-file\"><a id=\"wp-block-file--media-4a5a011a-1ccb-4c17-a118-a675dd9638cb\" href=\"https:\/\/www.eltern-bilinguisme.org\/wp-content\/uploads\/2022\/09\/Le_Conseil_d_ecole.pdf\">Comprendre le Conseil d&#8217;Ecole en Maternelle et \u00c9l\u00e9mentaire \u2013 PDF <\/a><\/div>\n\n\n\n<div class=\"wp-block-file\"><a id=\"wp-block-file--media-beb1511c-20b1-4e12-aeb9-d60990558303\" href=\"https:\/\/www.eltern-bilinguisme.org\/wp-content\/uploads\/2024\/08\/20240806-role-des-representants-de-parents-d_eleves.pdf\">Die Rolle der Elternvertreter im Schulrat und die Rolle von Eltern Alsace<\/a><\/div>\n\n\n\n<div class=\"wp-block-file\"><a id=\"wp-block-file--media-43e9fb8a-5f02-408e-8ab0-b73c1ae79be3\" href=\"https:\/\/www.eltern-bilinguisme.org\/wp-content\/uploads\/2024\/08\/Informations-sur-les-documents-budgetaires-pour-les-membres-du-CA.pdf\">Informationen zu den Haushaltsdokumenten f\u00fcr neu gew\u00e4hlte Mitglieder des Verwaltungsrats von &#8222;Colleges&#8220; und &#8222;Lyc\u00e9es&#8220;<\/a><\/div>\n\n\n\n<p><a href=\"https:\/\/www.ac-strasbourg.fr\/parents-d-eleves-121697\">Liste der Elternvereine<\/a><\/p>\n\n\n\n<div style=\"height:24px\" aria-hidden=\"true\" class=\"wp-block-spacer\"><\/div>\n\n\n\n<p><strong>Offizielle Texte zu den Wahlen der Elternvertreter\/innen (nur auf Franz\u00f6sisch verf\u00fcgbar):<\/strong><\/p>\n\n\n\n<div class=\"wp-block-file\"><a id=\"wp-block-file--media-546a04c1-6f9c-456f-82eb-b6ba7b527140\" href=\"https:\/\/www.eltern-bilinguisme.org\/wp-content\/uploads\/2024\/07\/Calendrier-general-R2024-25.pdf\"><strong>Wahlkalender 2024 &#8211; PDF \u2013 PDF<\/strong><\/a><\/div>\n\n\n\n<div class=\"wp-block-file\"><a id=\"wp-block-file--media-cb8fc010-efd2-41e8-b2ef-bb70fc2c8443\" href=\"https:\/\/www.eltern-bilinguisme.org\/wp-content\/uploads\/2024\/08\/guide_elections-parents-eleves-eple_2024_v2.pdf\">Leitfaden f\u00fcr die Organisation der Wahlen der Elternvertreter im EK und CA &#8211; Stand September 2024 &#8211; PDF  <\/a><\/div>\n\n\n\n<div class=\"wp-block-file\"><a id=\"wp-block-file--media-bdacd597-b924-4d92-a312-316ee412e193\" href=\"https:\/\/www.eltern-bilinguisme.org\/wp-content\/uploads\/2022\/09\/FAQ_elections_parents_MAJ-sept-2019.pdf\">FAQ Elections parents (2019) \u2013 PDF <\/a><\/div>\n\n\n\n<div class=\"wp-block-file\"><a id=\"wp-block-file--media-4b3157da-8851-4f8d-92ea-c5daa1625fa6\" href=\"https:\/\/www.eltern-bilinguisme.org\/wp-content\/uploads\/2024\/08\/annexe-technique-vote-par-voie-electronique-aux-elections-ce-et-ca_.pdf\">Technischer Anhang &#8211; Elektronische Stimmabgabe<\/a><\/div>\n\n\n\n<div class=\"wp-block-file\"><a id=\"wp-block-file--media-6da097fc-399f-438a-99af-69a00f8c282c\" href=\"https:\/\/www.eltern-bilinguisme.org\/wp-content\/uploads\/2024\/08\/Circulaire-relative-aux-elections-des-representants-des-parents-deleves-au-conseil-decole-dans-les-ecoles-maternelles-et-elementaires-R-2023.pdf\">Rundschreiben zu den Wahlen der Elternvertreter im Schulrat -R2023<\/a><\/div>\n\n\n\n<div class=\"wp-block-file\"><a id=\"wp-block-file--media-d9f79c56-8fd3-4bf0-ba53-d81d591679ae\" href=\"https:\/\/www.eltern-bilinguisme.org\/wp-content\/uploads\/2024\/08\/ANNEXE-I-liste-et-declaration-de-candidature-2023.pdf\">ANHANG I-Liste und Bewerbung -2023<\/a><\/div>\n\n\n\n<div class=\"wp-block-file\"><a id=\"wp-block-file--media-64272bca-8696-485f-bc0d-583f60123a99\" href=\"https:\/\/www.eltern-bilinguisme.org\/wp-content\/uploads\/2024\/08\/ANNEXE-II-notices-aux-parents-deleves-2023.pdf\">ANHANG-II- Hinweise f\u00fcr Eltern -2023<\/a><\/div>\n\n\n\n<div class=\"wp-block-file\"><a id=\"wp-block-file--media-ec84bbc0-28d5-4b2c-ba0a-1ea7a97f9a28\" href=\"https:\/\/www.eltern-bilinguisme.org\/wp-content\/uploads\/2024\/08\/ANNEXE-III-Liste-associations-parents-deleves-2023.pdf\">ANHANG-III-Liste der Elternvereine -2023<\/a><\/div>\n\n\n\n<div style=\"height:24px\" aria-hidden=\"true\" class=\"wp-block-spacer\"><\/div>\n<\/div>\n<\/div>\n\n<p><strong>Musterdokumente f\u00fcr die Einreichung einer Liste (nur auf Franz\u00f6sisch verf\u00fcgbar):<\/strong><\/p>\n\n<div class=\"wp-block-file\"><a id=\"wp-block-file--media-2f9395ca-72d3-471e-82b4-a86a6560dc29\" href=\"https:\/\/www.eltern-bilinguisme.org\/wp-content\/uploads\/2023\/09\/dossier-thematique-elections-ELTERN-Journal-N&#xB0;109.pdf\">Dossier th\u00e9matique &#8222;\u00c9lections des repr\u00e9sentants des parents&#8220; \u2013 PDF<\/a><\/div>\n\n<div class=\"wp-block-file\"><a id=\"wp-block-file--media-50f27676-8647-4928-a293-35f5a1e66b57\" href=\"https:\/\/www.eltern-bilinguisme.org\/wp-content\/uploads\/2023\/09\/20230829-Profession-de-foi-maternelle-elementaire.pdf\">Mod\u00e8le de profession de foi Eltern Alsace &#8211; classes maternelles et \u00e9l\u00e9mentaires (pour \u00e9lection au Conseil d&#8217;\u00c9cole) \u2013 PDF<\/a><\/div>\n\n<div class=\"wp-block-file\"><a id=\"wp-block-file--media-96febbc7-8c53-4f15-bfd2-f1ec8f62b1fd\" href=\"https:\/\/www.eltern-bilinguisme.org\/wp-content\/uploads\/2023\/09\/20230829-Profession-de-foi-colleges-et-lycees.pdf\">Mod\u00e8le de profession de foi Eltern Alsace &#8211; coll\u00e8ge et lyc\u00e9e (pour \u00e9lection au conseil d&#8217;administration) \u2013 PDF<\/a><\/div>\n\n<div class=\"wp-block-file\"><a id=\"wp-block-file--media-8f710da5-3dca-4403-9263-d052db7e09e4\" href=\"https:\/\/www.eltern-bilinguisme.org\/de\/elternvertreter-innen\/modele-liste-candidatures-2\/\">Mod\u00e8le de liste de candidatures<\/a><\/div>\n\n<div class=\"wp-block-file\"><a id=\"wp-block-file--media-0b81ff65-533a-4a2d-bc66-69cf23c5bdd9\" href=\"https:\/\/www.eltern-bilinguisme.org\/wp-content\/uploads\/2022\/09\/ANNEXE-I-et-II_2013.pdf\">Liste de candidature (Bas-Rhin) &#8211; PDF<\/a><\/div>\n\n<div style=\"height:24px\" aria-hidden=\"true\" class=\"wp-block-spacer\"><\/div>\n\n<p><strong>Beispiel f\u00fcr ein Wahlergebnis (nur auf Franz\u00f6sisch verf\u00fcgbar):<\/strong><\/p>\n\n<div class=\"wp-block-file\"><a id=\"wp-block-file--media-50a79296-4dc8-48db-8fbc-5c27840fba00\" href=\"https:\/\/www.eltern-bilinguisme.org\/wp-content\/uploads\/2022\/09\/ANNEXE-III_2013.pdf\">R\u00e9sultats du scrutin (Bas-Rhin) &#8211; PDF<\/a><\/div>\n\n<div style=\"height:24px\" aria-hidden=\"true\" class=\"wp-block-spacer\"><\/div>\n\n<h3 class=\"wp-block-heading\"><strong>Wenn Sie weitere Informationen ben\u00f6tigen, k\u00f6nnen Sie sich gerne an uns wenden.<\/strong><\/h3>\n","protected":false},"excerpt":{"rendered":"<p>Eltern haben das Recht, ihre Vertreter\/innen zu w\u00e4hlen &#8211; warum nicht auch Sie? Wie funktioniert das? In den Kinderg\u00e4rten und Grundschulen: Die Eltern stimmen ab, um ihre Vertreter\/innen f\u00fcr den Schulrat zu&#8230;<\/p>\n","protected":false},"author":2,"featured_media":761,"parent":0,"menu_order":0,"comment_status":"closed","ping_status":"closed","template":"","meta":{"_eb_attr":"","footnotes":""},"acf":[],"yoast_head":"<!-- This site is optimized with the Yoast SEO plugin v20.13 - https:\/\/yoast.com\/wordpress\/plugins\/seo\/ -->\n<title>Elternvertreter\/innen | Eltern Alsace<\/title>\n<meta name=\"robots\" content=\"index, follow, max-snippet:-1, max-image-preview:large, max-video-preview:-1\" \/>\n<link rel=\"canonical\" href=\"https:\/\/www.eltern-bilinguisme.org\/de\/elternvertreter-innen\/\" \/>\n<meta property=\"og:locale\" content=\"de_DE\" \/>\n<meta property=\"og:type\" content=\"article\" \/>\n<meta property=\"og:title\" content=\"Elternvertreter\/innen | Eltern Alsace\" \/>\n<meta property=\"og:description\" content=\"Eltern haben das Recht, ihre Vertreter\/innen zu w\u00e4hlen &#8211; warum nicht auch Sie? Wie funktioniert das? In den Kinderg\u00e4rten und Grundschulen: Die Eltern stimmen ab, um ihre Vertreter\/innen f\u00fcr den Schulrat zu...\" \/>\n<meta property=\"og:url\" content=\"https:\/\/www.eltern-bilinguisme.org\/de\/elternvertreter-innen\/\" \/>\n<meta property=\"og:site_name\" content=\"Eltern Alsace\" \/>\n<meta property=\"article:publisher\" content=\"https:\/\/www.facebook.com\/ElternAlsace\" \/>\n<meta property=\"article:modified_time\" content=\"2024-08-28T10:13:38+00:00\" \/>\n<meta property=\"og:image\" content=\"https:\/\/www.eltern-bilinguisme.org\/wp-content\/uploads\/2022\/10\/ELTERN_banniere_representant-parent-eleve_2560x860px.jpg\" \/>\n\t<meta property=\"og:image:width\" content=\"2560\" \/>\n\t<meta property=\"og:image:height\" content=\"860\" \/>\n\t<meta property=\"og:image:type\" content=\"image\/jpeg\" \/>\n<meta name=\"twitter:card\" content=\"summary_large_image\" \/>\n<meta name=\"twitter:label1\" content=\"Gesch\u00e4tzte Lesezeit\" \/>\n\t<meta name=\"twitter:data1\" content=\"4\u00a0Minuten\" \/>\n<script type=\"application\/ld+json\" class=\"yoast-schema-graph\">{\"@context\":\"https:\/\/schema.org\",\"@graph\":[{\"@type\":\"WebPage\",\"@id\":\"https:\/\/www.eltern-bilinguisme.org\/de\/elternvertreter-innen\/\",\"url\":\"https:\/\/www.eltern-bilinguisme.org\/de\/elternvertreter-innen\/\",\"name\":\"Elternvertreter\/innen | Eltern Alsace\",\"isPartOf\":{\"@id\":\"https:\/\/www.eltern-bilinguisme.org\/de\/#website\"},\"datePublished\":\"2022-09-14T13:59:13+00:00\",\"dateModified\":\"2024-08-28T10:13:38+00:00\",\"breadcrumb\":{\"@id\":\"https:\/\/www.eltern-bilinguisme.org\/de\/elternvertreter-innen\/#breadcrumb\"},\"inLanguage\":\"de\",\"potentialAction\":[{\"@type\":\"ReadAction\",\"target\":[\"https:\/\/www.eltern-bilinguisme.org\/de\/elternvertreter-innen\/\"]}]},{\"@type\":\"BreadcrumbList\",\"@id\":\"https:\/\/www.eltern-bilinguisme.org\/de\/elternvertreter-innen\/#breadcrumb\",\"itemListElement\":[{\"@type\":\"ListItem\",\"position\":1,\"name\":\"Accueil\",\"item\":\"https:\/\/www.eltern-bilinguisme.org\/de\/\"},{\"@type\":\"ListItem\",\"position\":2,\"name\":\"Elternvertreter\/innen\"}]},{\"@type\":\"WebSite\",\"@id\":\"https:\/\/www.eltern-bilinguisme.org\/de\/#website\",\"url\":\"https:\/\/www.eltern-bilinguisme.org\/de\/\",\"name\":\"Eltern Alsace\",\"description\":\"Etre bilingue, c&#039;est mettre deux fois plus de chances de son c\u00f4t\u00e9 !\",\"publisher\":{\"@id\":\"https:\/\/www.eltern-bilinguisme.org\/de\/#organization\"},\"potentialAction\":[{\"@type\":\"SearchAction\",\"target\":{\"@type\":\"EntryPoint\",\"urlTemplate\":\"https:\/\/www.eltern-bilinguisme.org\/de\/?s={search_term_string}\"},\"query-input\":\"required name=search_term_string\"}],\"inLanguage\":\"de\"},{\"@type\":\"Organization\",\"@id\":\"https:\/\/www.eltern-bilinguisme.org\/de\/#organization\",\"name\":\"Eltern Alsace\",\"url\":\"https:\/\/www.eltern-bilinguisme.org\/de\/\",\"logo\":{\"@type\":\"ImageObject\",\"inLanguage\":\"de\",\"@id\":\"https:\/\/www.eltern-bilinguisme.org\/de\/#\/schema\/logo\/image\/\",\"url\":\"https:\/\/www.eltern-bilinguisme.org\/wp-content\/uploads\/2022\/08\/logo-footer.png\",\"contentUrl\":\"https:\/\/www.eltern-bilinguisme.org\/wp-content\/uploads\/2022\/08\/logo-footer.png\",\"width\":301,\"height\":178,\"caption\":\"Eltern Alsace\"},\"image\":{\"@id\":\"https:\/\/www.eltern-bilinguisme.org\/de\/#\/schema\/logo\/image\/\"},\"sameAs\":[\"https:\/\/www.facebook.com\/ElternAlsace\",\"https:\/\/www.instagram.com\/elternalsace\/\"]}]}<\/script>\n<!-- \/ Yoast SEO plugin. -->","yoast_head_json":{"title":"Elternvertreter\/innen | Eltern Alsace","robots":{"index":"index","follow":"follow","max-snippet":"max-snippet:-1","max-image-preview":"max-image-preview:large","max-video-preview":"max-video-preview:-1"},"canonical":"https:\/\/www.eltern-bilinguisme.org\/de\/elternvertreter-innen\/","og_locale":"de_DE","og_type":"article","og_title":"Elternvertreter\/innen | Eltern Alsace","og_description":"Eltern haben das Recht, ihre Vertreter\/innen zu w\u00e4hlen &#8211; warum nicht auch Sie? Wie funktioniert das? In den Kinderg\u00e4rten und Grundschulen: Die Eltern stimmen ab, um ihre Vertreter\/innen f\u00fcr den Schulrat zu...","og_url":"https:\/\/www.eltern-bilinguisme.org\/de\/elternvertreter-innen\/","og_site_name":"Eltern Alsace","article_publisher":"https:\/\/www.facebook.com\/ElternAlsace","article_modified_time":"2024-08-28T10:13:38+00:00","og_image":[{"width":2560,"height":860,"url":"https:\/\/www.eltern-bilinguisme.org\/wp-content\/uploads\/2022\/10\/ELTERN_banniere_representant-parent-eleve_2560x860px.jpg","type":"image\/jpeg"}],"twitter_card":"summary_large_image","twitter_misc":{"Gesch\u00e4tzte Lesezeit":"4\u00a0Minuten"},"schema":{"@context":"https:\/\/schema.org","@graph":[{"@type":"WebPage","@id":"https:\/\/www.eltern-bilinguisme.org\/de\/elternvertreter-innen\/","url":"https:\/\/www.eltern-bilinguisme.org\/de\/elternvertreter-innen\/","name":"Elternvertreter\/innen | Eltern Alsace","isPartOf":{"@id":"https:\/\/www.eltern-bilinguisme.org\/de\/#website"},"datePublished":"2022-09-14T13:59:13+00:00","dateModified":"2024-08-28T10:13:38+00:00","breadcrumb":{"@id":"https:\/\/www.eltern-bilinguisme.org\/de\/elternvertreter-innen\/#breadcrumb"},"inLanguage":"de","potentialAction":[{"@type":"ReadAction","target":["https:\/\/www.eltern-bilinguisme.org\/de\/elternvertreter-innen\/"]}]},{"@type":"BreadcrumbList","@id":"https:\/\/www.eltern-bilinguisme.org\/de\/elternvertreter-innen\/#breadcrumb","itemListElement":[{"@type":"ListItem","position":1,"name":"Accueil","item":"https:\/\/www.eltern-bilinguisme.org\/de\/"},{"@type":"ListItem","position":2,"name":"Elternvertreter\/innen"}]},{"@type":"WebSite","@id":"https:\/\/www.eltern-bilinguisme.org\/de\/#website","url":"https:\/\/www.eltern-bilinguisme.org\/de\/","name":"Eltern Alsace","description":"Etre bilingue, c&#039;est mettre deux fois plus de chances de son c\u00f4t\u00e9 !","publisher":{"@id":"https:\/\/www.eltern-bilinguisme.org\/de\/#organization"},"potentialAction":[{"@type":"SearchAction","target":{"@type":"EntryPoint","urlTemplate":"https:\/\/www.eltern-bilinguisme.org\/de\/?s={search_term_string}"},"query-input":"required name=search_term_string"}],"inLanguage":"de"},{"@type":"Organization","@id":"https:\/\/www.eltern-bilinguisme.org\/de\/#organization","name":"Eltern Alsace","url":"https:\/\/www.eltern-bilinguisme.org\/de\/","logo":{"@type":"ImageObject","inLanguage":"de","@id":"https:\/\/www.eltern-bilinguisme.org\/de\/#\/schema\/logo\/image\/","url":"https:\/\/www.eltern-bilinguisme.org\/wp-content\/uploads\/2022\/08\/logo-footer.png","contentUrl":"https:\/\/www.eltern-bilinguisme.org\/wp-content\/uploads\/2022\/08\/logo-footer.png","width":301,"height":178,"caption":"Eltern Alsace"},"image":{"@id":"https:\/\/www.eltern-bilinguisme.org\/de\/#\/schema\/logo\/image\/"},"sameAs":["https:\/\/www.facebook.com\/ElternAlsace","https:\/\/www.instagram.com\/elternalsace\/"]}]}},"publishpress_future_action":{"enabled":false,"date":"1970-01-01 01:00:00","action":"","terms":[],"taxonomy":"","browser_timezone_offset":0},"_links":{"self":[{"href":"https:\/\/www.eltern-bilinguisme.org\/de\/wp-json\/wp\/v2\/pages\/867"}],"collection":[{"href":"https:\/\/www.eltern-bilinguisme.org\/de\/wp-json\/wp\/v2\/pages"}],"about":[{"href":"https:\/\/www.eltern-bilinguisme.org\/de\/wp-json\/wp\/v2\/types\/page"}],"author":[{"embeddable":true,"href":"https:\/\/www.eltern-bilinguisme.org\/de\/wp-json\/wp\/v2\/users\/2"}],"replies":[{"embeddable":true,"href":"https:\/\/www.eltern-bilinguisme.org\/de\/wp-json\/wp\/v2\/comments?post=867"}],"version-history":[{"count":20,"href":"https:\/\/www.eltern-bilinguisme.org\/de\/wp-json\/wp\/v2\/pages\/867\/revisions"}],"predecessor-version":[{"id":5295,"href":"https:\/\/www.eltern-bilinguisme.org\/de\/wp-json\/wp\/v2\/pages\/867\/revisions\/5295"}],"wp:featuredmedia":[{"embeddable":true,"href":"https:\/\/www.eltern-bilinguisme.org\/de\/wp-json\/wp\/v2\/media\/761"}],"wp:attachment":[{"href":"https:\/\/www.eltern-bilinguisme.org\/de\/wp-json\/wp\/v2\/media?parent=867"}],"curies":[{"name":"wp","href":"https:\/\/api.w.org\/{rel}","templated":true}]}}