{"id":872,"date":"2022-09-15T11:34:51","date_gmt":"2022-09-15T09:34:51","guid":{"rendered":"https:\/\/www.eltern-bilinguisme.org\/standorte-zweisprachiger-schulen\/"},"modified":"2025-03-26T11:02:46","modified_gmt":"2025-03-26T10:02:46","slug":"standorte-zweisprachiger-schulen","status":"publish","type":"page","link":"https:\/\/www.eltern-bilinguisme.org\/de\/standorte-zweisprachiger-schulen\/","title":{"rendered":"Standorte zweisprachiger Schulen"},"content":{"rendered":"\n<div class=\"wp-block-columns is-layout-flex wp-container-core-columns-is-layout-1 wp-block-columns-is-layout-flex\">\n<div class=\"wp-block-column is-layout-flow wp-block-column-is-layout-flow\">\n<h3 class=\"wp-block-heading\">Zweisprachige Standorte im Bas-Rhin<\/h3>\n<\/div>\n<\/div>\n\n<div class=\"wp-block-columns is-layout-flex wp-container-core-columns-is-layout-2 wp-block-columns-is-layout-flex\">\n<div class=\"wp-block-column is-layout-flow wp-block-column-is-layout-flow\">\n<div data-wp-interactive=\"core\/file\" class=\"wp-block-file\"><object data-wp-bind--hidden=\"!state.hasPdfPreview\"  class=\"wp-block-file__embed\" data=\"https:\/\/www.eltern-bilinguisme.org\/wp-content\/uploads\/2024\/11\/carte_bilin067_R24.pdf\" type=\"application\/pdf\" style=\"width:100%;height:600px\" aria-label=\"Einbettung von Voir la carte en plein &#xE9;cran.\"><\/object><a id=\"wp-block-file--media-ee01d073-9756-4de4-b2a4-3475137437d0\" href=\"https:\/\/www.eltern-bilinguisme.org\/wp-content\/uploads\/2024\/11\/carte_bilin067_R24.pdf\">Die Karte im Full Screen ansehen<\/a><\/div>\n<\/div>\n<\/div>\n\n<h3 class=\"wp-block-heading\">Zweisprachige Standorte im Haut-Rhin<\/h3>\n\n<div data-wp-interactive=\"core\/file\" class=\"wp-block-file\"><object data-wp-bind--hidden=\"!state.hasPdfPreview\"  class=\"wp-block-file__embed\" data=\"https:\/\/www.eltern-bilinguisme.org\/wp-content\/uploads\/2024\/11\/CARTE-BIL-68-R2024.pdf\" type=\"application\/pdf\" style=\"width:100%;height:600px\" aria-label=\"Einbettung von Voir la carte en plein &#xE9;cran.\"><\/object><a id=\"wp-block-file--media-28dc636c-a9a5-4d55-9ef6-bf0944f42c42\" href=\"https:\/\/www.eltern-bilinguisme.org\/wp-content\/uploads\/2024\/11\/CARTE-BIL-68-R2024.pdf\">Die Karte im Full Screen ansehen<\/a><\/div>\n\n<h2 class=\"wp-block-heading\">Liste der zweisprachigen Schulen<\/h2>\n\n<p><strong><a href=\"https:\/\/www.ac-strasbourg.fr\/cursus-bilingue-allemand-121571\">Sie k\u00f6nnen alle zweisprachigen Standorte der ersten und zweiten Stufe (\u00f6ffentliche und private Schulen) auf der Website der Acad\u00e9mie de Strasbourg einsehen, hier<\/a><\/strong><\/p>\n\n<div class=\"wp-block-file\"><a id=\"wp-block-file--media-217bac46-3928-45cd-a7bb-6f88b92cdf97\" href=\"https:\/\/www.eltern-bilinguisme.org\/wp-content\/uploads\/2024\/02\/Liste-ecoles-bilingues-23-24.pdf\">Liste der zweisprachigen Schulen im Bas-Rhin -Rentr\u00e9e-2023<\/a><\/div>\n\n<div class=\"wp-block-file\"><a id=\"wp-block-file--media-520820c9-2688-4ed4-a3a3-a6b897470d0f\" href=\"https:\/\/www.eltern-bilinguisme.org\/wp-content\/uploads\/2022\/11\/Repertoire-des-ecoles-bilingues-68-R2021.pdf\">Liste der zweisprachigen Schulen &#8211; Haut-Rhin -Rentr\u00e9e 2021<\/a><\/div>\n\n<div class=\"wp-block-file\"><a id=\"wp-block-file--media-104c5f3a-8e4a-477c-954c-b72107833f98\" href=\"https:\/\/www.eltern-bilinguisme.org\/wp-content\/uploads\/2022\/11\/Colleges-bilingues-67-R2021.pdf\">Liste der zweisprachigen Coll\u00e8ges -Bas-Rhin -Rentr\u00e9e 2021<\/a><\/div>\n\n<div class=\"wp-block-file\"><a id=\"wp-block-file--media-9274f180-6ef4-4f06-a125-0a7efe8db4dc\" href=\"https:\/\/www.eltern-bilinguisme.org\/wp-content\/uploads\/2022\/11\/Colleges-bilingues-68-R2021.pdf\">Liste der zweisprachigen Coll\u00e8ges &#8211; Haut-Rhin -Rentr\u00e9e 2021<\/a><\/div>\n\n<p><a href=\"https:\/\/www.ac-strasbourg.fr\/abibac-121574\">Informationen \u00fcber den ABIBAC-Bildungsgang und Liste der Gymnasien, die das Diplom anbieten \u2013 Schuljahr 2024<\/a><\/p>\n\n<p><a href=\"https:\/\/www.ac-strasbourg.fr\/le-dispositif-azubi-bacpro-121577\">Informationen \u00fcber den AZUBI-BAC-PRO-Bildungsgang und Liste der Gymnasien, die das Diplom anbieten \u2013 Schuljahr 2024<\/a><\/p>\n\n<h2 class=\"wp-block-heading\">Liste der Schulen A.B.C.M. Zweisprachigkeit<\/h2>\n\n<p>Die 1991 gegr\u00fcndeten Schulen A.B.C.M. Zweisprachigkeit sind Teil eines Netzwerks von Vereinsschulen, die von der \u201eAssociation pour le Bilinguisme en Classe d\u00e8s la Maternelle\u201c (Verein f\u00fcr Zweisprachigkeit in der Klasse ab der Grundschule) verwaltet werden. Ziel von A.B.C.M. Zweisprachigkeit ist es, \u201eallen Eltern, die den Willen dazu \u00e4u\u00dfern, die M\u00f6glichkeit zu bieten, ihre Kinder von fr\u00fchester Kindheit an regional zweisprachig erziehen zu lassen: Franz\u00f6sisch &#8211; Regionalsprache des Elsass und der Moselle\u201c. <\/p>\n\n<p>Das Ziel ist, \u201eam Ende der Schulzeit beide Sprachen schriftlich und m\u00fcndlich zu beherrschen, d. h. ganz einfach zweisprachig zu sein\u201c.<\/p>\n<div class=\"wp-block-image\">\n<figure class=\"aligncenter is-resized\"><img loading=\"lazy\" decoding=\"async\" width=\"460\" height=\"800\" src=\"https:\/\/www.eltern-bilinguisme.org\/wp-content\/uploads\/2025\/03\/carte-abcm-2019.jpg\" alt=\"\" class=\"wp-image-5948\" style=\"width:338px;height:auto\"\/><figcaption class=\"wp-element-caption\">Karte der Schulen A.B.C.M. Zweisprachigkeit \u00a9A.B.C.M. Zweisprachigkeit<\/figcaption><\/figure><\/div>\n<figure class=\"wp-block-table\"><table><thead><tr><th>Schule<\/th><th>Adresse<\/th><th>Kontaktdaten<\/th><\/tr><\/thead><tbody><tr><td>A.B.C.M. Zweisprachigkeit \u2013 Moosch<\/td><td>29 rue du G\u00e9n\u00e9ral de Gaulle<br\/>68690 MOOSCH<\/td><td>moosch@abcmzwei.org<br\/>T\u00e9l. : +33 (0) 3 89 39 34 15<br\/>T\u00e9l. : +33 (0) 6 74 59 87 77  <\/td><\/tr><tr><td>A.B.C.M. Zweisprachigkeit \u2013 Muespach<\/td><td>31 rue du 1er Septembre<br\/>68640 MUESPACH<\/td><td>muespach@abcmzwei.org<br\/>T\u00e9l. : +33 (0) 6 42 57 44 63 <\/td><\/tr><tr><td>A.B.C.M. Zweisprachigkeit \u2013 Mulhouse<\/td><td>1 rue du Tunnel<br\/>68200 MULHOUSE<\/td><td>mulhouse@abcmzwei.org<br\/>T\u00e9l. : +33 (0) 9 72 12 75 63<br\/>Fax : +33 (0) 9 72 14 55 00 <\/td><\/tr><tr><td>A.B.C.M. Zweisprachigkeit \u2013 Lutterbach<\/td><td>20 rue des Chevreuils<br\/>68460 LUTTERBACH<\/td><td>lutterbach@abcmzwei.org<br\/>T\u00e9l. : +33 (0) 9 72 13 30 80<br\/>Fax : +33 (0) 9 72 14 54 99 <\/td><\/tr><tr><td>A.B.C.M. Zweisprachigkeit \u2013 Ingersheim<\/td><td>3A rue du Florimont<br\/>68040 INGERSHEIM<\/td><td>ingersheim@abcmzwei.org<br\/>T\u00e9l. : +33 (0) 9 72 12 75 64<br\/>Fax : +33 (0) 9 72 14 54 98 <\/td><\/tr><tr><td>A.B.C.M. Zweisprachigkeit \u2013 Strasbourg<\/td><td>3 rue Sainte Elisabeth<br\/>67000 STRASBOURG<\/td><td>strasbourg@abcmzwei.org<br\/>T\u00e9l. : +33 (0) 9 72 13 30 66<br\/>Fax : +33 (0) 9 72 14 55 02 <\/td><\/tr><tr><td>A.B.C.M. Zweisprachigkeit \u2013 Haguenau<\/td><td>50 rue Ettore Bugatti<br\/>67500 HAGUENAU<\/td><td>haguenau@abcmzwei.org<br\/>T\u00e9l. : +33 (0) 9 72 12 72 68<br\/>Fax : +33 (0) 9 72 14 55 03 <\/td><\/tr><tr><td>A.B.C.M. Zweisprachigkeit \u2013 Schweighouse sur Moder<\/td><td>79 rue d\u2019Ohlungen<br\/>67590 SCHWEIGHOUSE SUR MODER<\/td><td>schweighouse-sur-moder@abcmzwei.org<br\/>T\u00e9l. : +33 (0) 9 72 13 30 81<br\/>Fax : +33 (0) 9 72 14 55 04 <\/td><\/tr><tr><td>A.B.C.M. Zweisprachigkeit \u2013 Saverne<\/td><td>18 rue des Murs<br\/>67700 SAVERNE<\/td><td>saverne@abcmzwei.org<br\/>T\u00e9l. : +33 (0) 9 72 13 30 67<br\/>Fax : +33 (0) 9 72 14 54 97 <\/td><\/tr><tr><td>A.B.C.M. Zweisprachigkeit \u2013 Sarreguemines Blies<\/td><td>3 rue de l\u2019Ecole<br\/>57200 SARREGUEMINES<\/td><td>sarreguemines-blies@abcmzwei.org<br\/>T\u00e9l. : +33 (0) 9 72 13 30 68<br\/>Fax : +33 (0) 9 72 14 54 94 <\/td><\/tr><tr><td>A.B.C.M. Zweisprachigkeit \u2013 Sarreguemines Beausoleil<\/td><td>11 rue des Hirondelles<br\/>57200 SARREGUEMINES<\/td><td>sarreguemines-beausoleil@abcmzwei.org<br\/>T\u00e9l. : +33 (0) 9 72 13 30 69<br\/>Fax : +33 (0) 9 72 14 54 95 <\/td><\/tr><tr><td>A.B.C.M. Zweisprachigkeit \u2013 Gerstheim<\/td><td>10 rue des An\u00e9mones<br\/>67150 GERSTHEIM<\/td><td>gerstheim@abcmzwei.org<br\/>T\u00e9l. : +33 (0) 6 08 71 41 85 <\/td><\/tr><\/tbody><\/table><\/figure>\n\n<p>Die Website der A.B.C.M. Zweisprachigkeit-Schulen ist <strong><a href=\"https:\/\/www.abcmzwei.eu\/\">hier <\/a><\/strong>zug\u00e4nglich <\/p>\n<div class=\"wp-block-image\">\n<figure class=\"aligncenter size-full is-resized\"><img loading=\"lazy\" decoding=\"async\" width=\"255\" height=\"270\" src=\"https:\/\/www.eltern-bilinguisme.org\/wp-content\/uploads\/2022\/11\/lelogo_abcm-zweisprachigkeit.jpg\" alt=\"\" class=\"wp-image-1409\" style=\"width:154px;height:auto\"\/><\/figure><\/div>","protected":false},"excerpt":{"rendered":"<p>Zweisprachige Standorte im Bas-Rhin Zweisprachige Standorte im Haut-Rhin Liste der zweisprachigen Schulen Sie k\u00f6nnen alle zweisprachigen Standorte der ersten und zweiten Stufe (\u00f6ffentliche und private Schulen) auf der Website der Acad\u00e9mie de&#8230;<\/p>\n","protected":false},"author":2,"featured_media":830,"parent":0,"menu_order":0,"comment_status":"closed","ping_status":"closed","template":"","meta":{"_eb_attr":"","footnotes":""},"acf":[],"yoast_head":"<!-- This site is optimized with the Yoast SEO plugin v20.13 - https:\/\/yoast.com\/wordpress\/plugins\/seo\/ -->\n<title>Standorte zweisprachiger Schulen | Eltern Alsace<\/title>\n<meta name=\"description\" content=\"Auf dieser Seite finden Sie alle Schulen im Elsass, die einen zweisprachigen Unterricht in Franz\u00f6sisch \/ Deutsch - Els\u00e4ssisch anbieten.\" \/>\n<meta name=\"robots\" content=\"index, follow, max-snippet:-1, max-image-preview:large, max-video-preview:-1\" \/>\n<link rel=\"canonical\" href=\"https:\/\/www.eltern-bilinguisme.org\/de\/standorte-zweisprachiger-schulen\/\" \/>\n<meta property=\"og:locale\" content=\"de_DE\" \/>\n<meta property=\"og:type\" content=\"article\" \/>\n<meta property=\"og:title\" content=\"Standorte zweisprachiger Schulen | Eltern Alsace\" \/>\n<meta property=\"og:description\" content=\"Auf dieser Seite finden Sie alle Schulen im Elsass, die einen zweisprachigen Unterricht in Franz\u00f6sisch \/ Deutsch - Els\u00e4ssisch anbieten.\" \/>\n<meta property=\"og:url\" content=\"https:\/\/www.eltern-bilinguisme.org\/de\/standorte-zweisprachiger-schulen\/\" \/>\n<meta property=\"og:site_name\" content=\"Eltern Alsace\" \/>\n<meta property=\"article:publisher\" content=\"https:\/\/www.facebook.com\/ElternAlsace\" \/>\n<meta property=\"article:modified_time\" content=\"2025-03-26T10:02:46+00:00\" \/>\n<meta property=\"og:image\" content=\"https:\/\/www.eltern-bilinguisme.org\/wp-content\/uploads\/2022\/10\/ELTERN_banniere_presentation_2560x860px.jpg\" \/>\n\t<meta property=\"og:image:width\" content=\"2560\" \/>\n\t<meta property=\"og:image:height\" content=\"860\" \/>\n\t<meta property=\"og:image:type\" content=\"image\/jpeg\" \/>\n<meta name=\"twitter:card\" content=\"summary_large_image\" \/>\n<meta name=\"twitter:label1\" content=\"Gesch\u00e4tzte Lesezeit\" \/>\n\t<meta name=\"twitter:data1\" content=\"1\u00a0Minute\" \/>\n<script type=\"application\/ld+json\" class=\"yoast-schema-graph\">{\"@context\":\"https:\/\/schema.org\",\"@graph\":[{\"@type\":\"WebPage\",\"@id\":\"https:\/\/www.eltern-bilinguisme.org\/de\/standorte-zweisprachiger-schulen\/\",\"url\":\"https:\/\/www.eltern-bilinguisme.org\/de\/standorte-zweisprachiger-schulen\/\",\"name\":\"Standorte zweisprachiger Schulen | Eltern Alsace\",\"isPartOf\":{\"@id\":\"https:\/\/www.eltern-bilinguisme.org\/de\/#website\"},\"datePublished\":\"2022-09-15T09:34:51+00:00\",\"dateModified\":\"2025-03-26T10:02:46+00:00\",\"description\":\"Auf dieser Seite finden Sie alle Schulen im Elsass, die einen zweisprachigen Unterricht in Franz\u00f6sisch \/ Deutsch - Els\u00e4ssisch anbieten.\",\"breadcrumb\":{\"@id\":\"https:\/\/www.eltern-bilinguisme.org\/de\/standorte-zweisprachiger-schulen\/#breadcrumb\"},\"inLanguage\":\"de\",\"potentialAction\":[{\"@type\":\"ReadAction\",\"target\":[\"https:\/\/www.eltern-bilinguisme.org\/de\/standorte-zweisprachiger-schulen\/\"]}]},{\"@type\":\"BreadcrumbList\",\"@id\":\"https:\/\/www.eltern-bilinguisme.org\/de\/standorte-zweisprachiger-schulen\/#breadcrumb\",\"itemListElement\":[{\"@type\":\"ListItem\",\"position\":1,\"name\":\"Accueil\",\"item\":\"https:\/\/www.eltern-bilinguisme.org\/de\/\"},{\"@type\":\"ListItem\",\"position\":2,\"name\":\"Standorte zweisprachiger Schulen\"}]},{\"@type\":\"WebSite\",\"@id\":\"https:\/\/www.eltern-bilinguisme.org\/de\/#website\",\"url\":\"https:\/\/www.eltern-bilinguisme.org\/de\/\",\"name\":\"Eltern Alsace\",\"description\":\"Etre bilingue, c&#039;est mettre deux fois plus de chances de son c\u00f4t\u00e9 !\",\"publisher\":{\"@id\":\"https:\/\/www.eltern-bilinguisme.org\/de\/#organization\"},\"potentialAction\":[{\"@type\":\"SearchAction\",\"target\":{\"@type\":\"EntryPoint\",\"urlTemplate\":\"https:\/\/www.eltern-bilinguisme.org\/de\/?s={search_term_string}\"},\"query-input\":\"required name=search_term_string\"}],\"inLanguage\":\"de\"},{\"@type\":\"Organization\",\"@id\":\"https:\/\/www.eltern-bilinguisme.org\/de\/#organization\",\"name\":\"Eltern Alsace\",\"url\":\"https:\/\/www.eltern-bilinguisme.org\/de\/\",\"logo\":{\"@type\":\"ImageObject\",\"inLanguage\":\"de\",\"@id\":\"https:\/\/www.eltern-bilinguisme.org\/de\/#\/schema\/logo\/image\/\",\"url\":\"https:\/\/www.eltern-bilinguisme.org\/wp-content\/uploads\/2022\/08\/logo-footer.png\",\"contentUrl\":\"https:\/\/www.eltern-bilinguisme.org\/wp-content\/uploads\/2022\/08\/logo-footer.png\",\"width\":301,\"height\":178,\"caption\":\"Eltern Alsace\"},\"image\":{\"@id\":\"https:\/\/www.eltern-bilinguisme.org\/de\/#\/schema\/logo\/image\/\"},\"sameAs\":[\"https:\/\/www.facebook.com\/ElternAlsace\",\"https:\/\/www.instagram.com\/elternalsace\/\"]}]}<\/script>\n<!-- \/ Yoast SEO plugin. -->","yoast_head_json":{"title":"Standorte zweisprachiger Schulen | Eltern Alsace","description":"Auf dieser Seite finden Sie alle Schulen im Elsass, die einen zweisprachigen Unterricht in Franz\u00f6sisch \/ Deutsch - Els\u00e4ssisch anbieten.","robots":{"index":"index","follow":"follow","max-snippet":"max-snippet:-1","max-image-preview":"max-image-preview:large","max-video-preview":"max-video-preview:-1"},"canonical":"https:\/\/www.eltern-bilinguisme.org\/de\/standorte-zweisprachiger-schulen\/","og_locale":"de_DE","og_type":"article","og_title":"Standorte zweisprachiger Schulen | Eltern Alsace","og_description":"Auf dieser Seite finden Sie alle Schulen im Elsass, die einen zweisprachigen Unterricht in Franz\u00f6sisch \/ Deutsch - Els\u00e4ssisch anbieten.","og_url":"https:\/\/www.eltern-bilinguisme.org\/de\/standorte-zweisprachiger-schulen\/","og_site_name":"Eltern Alsace","article_publisher":"https:\/\/www.facebook.com\/ElternAlsace","article_modified_time":"2025-03-26T10:02:46+00:00","og_image":[{"width":2560,"height":860,"url":"https:\/\/www.eltern-bilinguisme.org\/wp-content\/uploads\/2022\/10\/ELTERN_banniere_presentation_2560x860px.jpg","type":"image\/jpeg"}],"twitter_card":"summary_large_image","twitter_misc":{"Gesch\u00e4tzte Lesezeit":"1\u00a0Minute"},"schema":{"@context":"https:\/\/schema.org","@graph":[{"@type":"WebPage","@id":"https:\/\/www.eltern-bilinguisme.org\/de\/standorte-zweisprachiger-schulen\/","url":"https:\/\/www.eltern-bilinguisme.org\/de\/standorte-zweisprachiger-schulen\/","name":"Standorte zweisprachiger Schulen | Eltern Alsace","isPartOf":{"@id":"https:\/\/www.eltern-bilinguisme.org\/de\/#website"},"datePublished":"2022-09-15T09:34:51+00:00","dateModified":"2025-03-26T10:02:46+00:00","description":"Auf dieser Seite finden Sie alle Schulen im Elsass, die einen zweisprachigen Unterricht in Franz\u00f6sisch \/ Deutsch - Els\u00e4ssisch anbieten.","breadcrumb":{"@id":"https:\/\/www.eltern-bilinguisme.org\/de\/standorte-zweisprachiger-schulen\/#breadcrumb"},"inLanguage":"de","potentialAction":[{"@type":"ReadAction","target":["https:\/\/www.eltern-bilinguisme.org\/de\/standorte-zweisprachiger-schulen\/"]}]},{"@type":"BreadcrumbList","@id":"https:\/\/www.eltern-bilinguisme.org\/de\/standorte-zweisprachiger-schulen\/#breadcrumb","itemListElement":[{"@type":"ListItem","position":1,"name":"Accueil","item":"https:\/\/www.eltern-bilinguisme.org\/de\/"},{"@type":"ListItem","position":2,"name":"Standorte zweisprachiger Schulen"}]},{"@type":"WebSite","@id":"https:\/\/www.eltern-bilinguisme.org\/de\/#website","url":"https:\/\/www.eltern-bilinguisme.org\/de\/","name":"Eltern Alsace","description":"Etre bilingue, c&#039;est mettre deux fois plus de chances de son c\u00f4t\u00e9 !","publisher":{"@id":"https:\/\/www.eltern-bilinguisme.org\/de\/#organization"},"potentialAction":[{"@type":"SearchAction","target":{"@type":"EntryPoint","urlTemplate":"https:\/\/www.eltern-bilinguisme.org\/de\/?s={search_term_string}"},"query-input":"required name=search_term_string"}],"inLanguage":"de"},{"@type":"Organization","@id":"https:\/\/www.eltern-bilinguisme.org\/de\/#organization","name":"Eltern Alsace","url":"https:\/\/www.eltern-bilinguisme.org\/de\/","logo":{"@type":"ImageObject","inLanguage":"de","@id":"https:\/\/www.eltern-bilinguisme.org\/de\/#\/schema\/logo\/image\/","url":"https:\/\/www.eltern-bilinguisme.org\/wp-content\/uploads\/2022\/08\/logo-footer.png","contentUrl":"https:\/\/www.eltern-bilinguisme.org\/wp-content\/uploads\/2022\/08\/logo-footer.png","width":301,"height":178,"caption":"Eltern Alsace"},"image":{"@id":"https:\/\/www.eltern-bilinguisme.org\/de\/#\/schema\/logo\/image\/"},"sameAs":["https:\/\/www.facebook.com\/ElternAlsace","https:\/\/www.instagram.com\/elternalsace\/"]}]}},"publishpress_future_action":{"enabled":false,"date":"1970-01-01 01:00:00","action":"","terms":[],"taxonomy":"","browser_timezone_offset":0},"_links":{"self":[{"href":"https:\/\/www.eltern-bilinguisme.org\/de\/wp-json\/wp\/v2\/pages\/872"}],"collection":[{"href":"https:\/\/www.eltern-bilinguisme.org\/de\/wp-json\/wp\/v2\/pages"}],"about":[{"href":"https:\/\/www.eltern-bilinguisme.org\/de\/wp-json\/wp\/v2\/types\/page"}],"author":[{"embeddable":true,"href":"https:\/\/www.eltern-bilinguisme.org\/de\/wp-json\/wp\/v2\/users\/2"}],"replies":[{"embeddable":true,"href":"https:\/\/www.eltern-bilinguisme.org\/de\/wp-json\/wp\/v2\/comments?post=872"}],"version-history":[{"count":20,"href":"https:\/\/www.eltern-bilinguisme.org\/de\/wp-json\/wp\/v2\/pages\/872\/revisions"}],"predecessor-version":[{"id":6046,"href":"https:\/\/www.eltern-bilinguisme.org\/de\/wp-json\/wp\/v2\/pages\/872\/revisions\/6046"}],"wp:featuredmedia":[{"embeddable":true,"href":"https:\/\/www.eltern-bilinguisme.org\/de\/wp-json\/wp\/v2\/media\/830"}],"wp:attachment":[{"href":"https:\/\/www.eltern-bilinguisme.org\/de\/wp-json\/wp\/v2\/media?parent=872"}],"curies":[{"name":"wp","href":"https:\/\/api.w.org\/{rel}","templated":true}]}}