{"id":879,"date":"2022-08-31T16:33:12","date_gmt":"2022-08-31T14:33:12","guid":{"rendered":"https:\/\/www.eltern-bilinguisme.org\/recrutorrs\/"},"modified":"2025-01-29T09:52:46","modified_gmt":"2025-01-29T08:52:46","slug":"recrutorrs","status":"publish","type":"page","link":"https:\/\/www.eltern-bilinguisme.org\/de\/recrutorrs\/","title":{"rendered":"RecrutoRRs"},"content":{"rendered":"\n<div class=\"wp-block-buttons is-layout-flex wp-block-buttons-is-layout-flex\">\n<div class=\"wp-block-button btn--job\"><a class=\"wp-block-button__link wp-element-button\" href=\"https:\/\/www.eltern-bilinguisme.org\/de\/stellenangebote\/\">Unsere aktuellen Stellenangebote<\/a><\/div>\n<\/div>\n\n<div style=\"height:43px\" aria-hidden=\"true\" class=\"wp-block-spacer\"><\/div>\n\n<figure class=\"wp-block-embed is-type-video is-provider-youtube wp-block-embed-youtube wp-embed-aspect-16-9 wp-has-aspect-ratio\"><div class=\"wp-block-embed__wrapper\"> \n<iframe loading=\"lazy\" title=\"Transmettre, enseigner en allemand en Alsace : d\u00e9couvrez RecrutoRRs !\" width=\"1170\" height=\"658\" src=\"https:\/\/www.youtube.com\/embed\/jKMQZmP86qI?feature=oembed\" frameborder=\"0\" allow=\"accelerometer; autoplay; clipboard-write; encrypted-media; gyroscope; picture-in-picture; web-share\" allowfullscreen><\/iframe>\n <\/div><\/figure>\n\n<div style=\"height:25px\" aria-hidden=\"true\" class=\"wp-block-spacer\"><\/div>\n\n<div class=\"wp-block-columns is-layout-flex wp-container-core-columns-is-layout-2 wp-block-columns-is-layout-flex\">\n<div class=\"wp-block-column is-vertically-aligned-center is-layout-flow wp-block-column-is-layout-flow\">\n<div class=\"wp-block-columns is-layout-flex wp-container-core-columns-is-layout-1 wp-block-columns-is-layout-flex\">\n<div class=\"wp-block-column is-vertically-aligned-center is-layout-flow wp-block-column-is-layout-flow\">\n<p>Im Rahmen des Projekts <strong>RecrutoRRs<\/strong> wurde eine trinationale Plattform am Oberrhein zur F\u00f6rderung, Sensibilisierung und Personalvermittlung im Hinblick auf die Berufe der zweisprachigen Schulbildung sowie der F\u00f6rderung der Regionalsprache im Elsass (Deutsch\/Els\u00e4ssisch) geschaffen. Dieses Projekt wird vom Verein Eltern Alsace getragen und erhielt im Zeitraum vom 01. Juli 2020 bis zum 30. Juni 2023 europ\u00e4ische F\u00f6rdermittel (Programm Interreg V Oberrhein). Durch den Erhalt und die Entwicklung des zweisprachigen Unterrichts im Elsass erm\u00f6glicht das Projekt RecrutoRRs langfristig eine Steigerung der grenz\u00fcberschreitenden Mobilit\u00e4t und der Dynamik des Arbeitsmarkts am Oberrhein.<\/p>\n\n\n\n<p>Die Ausweitung des zweisprachigen Unterrichts im Elsass wird seit mehreren Jahren durch einen chronischen Mangel an qualifizierten Lehrkr\u00e4ften gebremst. Ein R\u00fcckgang der Zweisprachigkeit h\u00e4tte jedoch erhebliche Auswirkungen auf bestehende grenz\u00fcberschreitende Projekte. Eltern Alsace m\u00f6chte daher in Zusammenarbeit mit den Projektpartnern und \u00fcber eine gemeinsame, grenz\u00fcberschreitende Aktion die Sichtbarkeit und Attraktivit\u00e4t der betroffenen Berufe (zweisprachige Lehrkr\u00e4fte sowie au\u00dferschulische Berufe) verbessern, indem eine &#8222;zentrale Anlaufstelle&#8220; angeboten wird, die potenziellen Bewerber\/innen w\u00e4hrend des gesamten Bewerbungs- und Einstellungsverfahrens begleitet.<\/p>\n<\/div>\n\n\n\n<div class=\"wp-block-column is-vertically-aligned-center is-layout-flow wp-block-column-is-layout-flow\"><div class=\"wp-block-image\">\n<figure class=\"aligncenter size-large is-resized\"><img loading=\"lazy\" decoding=\"async\" width=\"1730\" height=\"1184\" src=\"https:\/\/www.eltern-bilinguisme.org\/wp-content\/uploads\/2022\/09\/ELTERN-ALSACE_logo_recrutorrs-1730x1184.jpg\" alt=\"\" class=\"wp-image-458\" style=\"width:396px;height:270px\" srcset=\"https:\/\/www.eltern-bilinguisme.org\/wp-content\/uploads\/2022\/09\/ELTERN-ALSACE_logo_recrutorrs-1730x1184.jpg 1730w, https:\/\/www.eltern-bilinguisme.org\/wp-content\/uploads\/2022\/09\/ELTERN-ALSACE_logo_recrutorrs-848x580.jpg 848w, https:\/\/www.eltern-bilinguisme.org\/wp-content\/uploads\/2022\/09\/ELTERN-ALSACE_logo_recrutorrs-768x525.jpg 768w, https:\/\/www.eltern-bilinguisme.org\/wp-content\/uploads\/2022\/09\/ELTERN-ALSACE_logo_recrutorrs-1536x1051.jpg 1536w, https:\/\/www.eltern-bilinguisme.org\/wp-content\/uploads\/2022\/09\/ELTERN-ALSACE_logo_recrutorrs-2048x1401.jpg 2048w\" sizes=\"(max-width: 1730px) 100vw, 1730px\" \/><\/figure><\/div><\/div>\n<\/div>\n<\/div>\n<\/div>\n\n<h3 class=\"wp-block-heading\">Folgen Sie RecrutoRRs auf:<\/h3>\n\n<div class=\"wp-block-columns is-layout-flex wp-container-core-columns-is-layout-4 wp-block-columns-is-layout-flex\">\n<div class=\"wp-block-column is-layout-flow wp-block-column-is-layout-flow\" style=\"flex-basis:30%\">\n<div class=\"wp-block-columns is-layout-flex wp-container-core-columns-is-layout-3 wp-block-columns-is-layout-flex\">\n<div class=\"wp-block-column is-layout-flow wp-block-column-is-layout-flow\">\n<figure class=\"wp-block-image size-full is-resized\"><a href=\"https:\/\/www.facebook.com\/RecrutoRRs\"><img loading=\"lazy\" decoding=\"async\" width=\"68\" height=\"68\" src=\"https:\/\/www.eltern-bilinguisme.org\/wp-content\/uploads\/2022\/09\/facebook.png\" alt=\"\" class=\"wp-image-123\" style=\"width:50px;height:50px\"\/><\/a><\/figure>\n<\/div>\n\n\n\n<div class=\"wp-block-column is-layout-flow wp-block-column-is-layout-flow\">\n<figure class=\"wp-block-image size-full is-resized\"><a href=\"https:\/\/www.linkedin.com\/company\/recrutorrs-eltern-alsace\/\"><img loading=\"lazy\" decoding=\"async\" width=\"512\" height=\"512\" src=\"https:\/\/www.eltern-bilinguisme.org\/wp-content\/uploads\/2023\/04\/linkedin.png\" alt=\"\" class=\"wp-image-2801\" style=\"width:50px;height:50px\"\/><\/a><\/figure>\n<\/div>\n\n\n\n<div class=\"wp-block-column is-layout-flow wp-block-column-is-layout-flow\">\n<figure class=\"wp-block-image size-full is-resized\"><a href=\"https:\/\/www.xing.com\/pages\/recrutorrs-eltern-alsace\"><img loading=\"lazy\" decoding=\"async\" width=\"512\" height=\"512\" src=\"https:\/\/www.eltern-bilinguisme.org\/wp-content\/uploads\/2023\/02\/xing-logo.png\" alt=\"\" class=\"wp-image-2466\" style=\"width:50px\"\/><\/a><\/figure>\n<\/div>\n\n\n\n<div class=\"wp-block-column is-layout-flow wp-block-column-is-layout-flow\">\n<figure class=\"wp-block-image size-large is-resized\"><a href=\"https:\/\/www.indeed.com\/cmp\/Eltern-Alsace-1\"><img loading=\"lazy\" decoding=\"async\" width=\"1730\" height=\"973\" src=\"https:\/\/www.eltern-bilinguisme.org\/wp-content\/uploads\/2023\/04\/Indeed-Symbole-1730x973.jpg\" alt=\"\" class=\"wp-image-2813\" style=\"aspect-ratio:1.7796610169491525;width:93px;height:auto\" srcset=\"https:\/\/www.eltern-bilinguisme.org\/wp-content\/uploads\/2023\/04\/Indeed-Symbole-1730x973.jpg 1730w, https:\/\/www.eltern-bilinguisme.org\/wp-content\/uploads\/2023\/04\/Indeed-Symbole-848x477.jpg 848w, https:\/\/www.eltern-bilinguisme.org\/wp-content\/uploads\/2023\/04\/Indeed-Symbole-768x432.jpg 768w, https:\/\/www.eltern-bilinguisme.org\/wp-content\/uploads\/2023\/04\/Indeed-Symbole-1536x864.jpg 1536w, https:\/\/www.eltern-bilinguisme.org\/wp-content\/uploads\/2023\/04\/Indeed-Symbole.jpg 1920w\" sizes=\"(max-width: 1730px) 100vw, 1730px\" \/><\/a><\/figure>\n<\/div>\n<\/div>\n<\/div>\n<\/div>\n\n<h3 class=\"wp-block-heading\"><strong>Sie m\u00f6chten als Deutschlehrkraft oder zweisprachige\/r Betreuer\/in oder Sprachvermittler\/in im Elsass arbeiten?<\/strong><\/h3>\n\n<div data-wp-interactive=\"core\/file\" class=\"wp-block-file\"><object data-wp-bind--hidden=\"!state.hasPdfPreview\"  class=\"wp-block-file__embed\" data=\"https:\/\/www.eltern-bilinguisme.org\/wp-content\/uploads\/2022\/09\/Eltern-Deepliant-candidat-1.pdf\" type=\"application\/pdf\" style=\"width:100%;height:410px\" aria-label=\"Einbettung von Brochure RecrutoRRs &#x2013; candidats.\"><\/object><a id=\"wp-block-file--media-da2c0cf9-9e6d-4027-942f-c4730f739df4\" href=\"https:\/\/www.eltern-bilinguisme.org\/wp-content\/uploads\/2022\/09\/Eltern-Deepliant-candidat-1.pdf\">Brosch\u00fcre RecrutoRRs \u2013 Kandidaten (PDF)<\/a><\/div>\n\n<div style=\"height:25px\" aria-hidden=\"true\" class=\"wp-block-spacer\"><\/div>\n\n<h3 class=\"wp-block-heading\"><strong>Sie sind eine Einrichtung\/Institution auf der Suche nach zweisprachigem Personal f\u00fcr ein Projekt?<\/strong><\/h3>\n\n<div data-wp-interactive=\"core\/file\" class=\"wp-block-file\"><object data-wp-bind--hidden=\"!state.hasPdfPreview\"  class=\"wp-block-file__embed\" data=\"https:\/\/www.eltern-bilinguisme.org\/wp-content\/uploads\/2022\/09\/Eltern-Deepliant-donneurs-ordre.pdf\" type=\"application\/pdf\" style=\"width:100%;height:400px\" aria-label=\"Einbettung von Brochure RecrutoRRS - donneurs d'ordre.\"><\/object><a id=\"wp-block-file--media-44c8c7ce-aa89-45cd-9fef-d29651e24a72\" href=\"https:\/\/www.eltern-bilinguisme.org\/wp-content\/uploads\/2022\/09\/Eltern-Deepliant-donneurs-ordre.pdf\">Brosch\u00fcre RecrutoRRs \u2013 Auftraggeber<\/a><\/div>\n\n<h2 class=\"wp-block-heading\">Presseschau<\/h2>\n\n<div class=\"wp-block-file\"><a id=\"wp-block-file--media-782cb3d6-3132-4fb8-896d-75d45edc4fee\" href=\"https:\/\/www.eltern-bilinguisme.org\/wp-content\/uploads\/2023\/05\/20230429-Mittelbadische-Presse-Die-Zweisprachigkeit-fordern.pdf\">&#8222;Die Zweisprachigkeit f\u00f6rdern&#8220; &#8211; Mittelbadische Presse am 29.04.2023<\/a><\/div>\n\n<div class=\"wp-block-file\"><a id=\"wp-block-file--media-464c4c4d-5be6-4ad5-96db-ddcde404695c\" href=\"https:\/\/www.eltern-bilinguisme.org\/wp-content\/uploads\/2023\/02\/20220831-Swissinfo-Alsace-envie-de-bilinguisme-mais-manque-d_enseignants-d_allemand.pdf\">&#8222;Alsace envie de bilinguisme mais manque d&#8217;enseignants d&#8217;allemand&#8220; &#8211; Artikel <\/a><\/div>\n\n<div class=\"wp-block-file\"><a id=\"wp-block-file--media-81c45fae-38fd-4e49-9278-6cdec84a444e\" href=\"https:\/\/www.eltern-bilinguisme.org\/wp-content\/uploads\/2023\/02\/20220831-Le-Quotidien-Jurassien-Alsace-envie-de-bilinguisme-mais-manque-d_enseignants-d_allemand.pdf\">&#8222;Alsace envie de bilinguisme mais manque d&#8217;enseignants d&#8217;allemand&#8220; &#8211; Artikel <\/a><\/div>\n\n<div class=\"wp-block-file\"><a id=\"wp-block-file--media-3d5ca3e8-4f69-4640-8b3b-6890fcec3a99\" href=\"https:\/\/www.eltern-bilinguisme.org\/wp-content\/uploads\/2023\/05\/20220217-Folge-7-Deutschlehrer-verzweifelt-gesucht-Franko-viel-Der-Frankreich-Podcast.pdf\">&#8222;Deutschlehrer verzweifelt gesucht&#8220; &#8211; Franko-viel &#8211; Der Frankreich-Podcast am 17.02.2022<\/a><\/div>\n\n<div style=\"height:34px\" aria-hidden=\"true\" class=\"wp-block-spacer\"><\/div>\n\n<p><strong>Das Projekt RecrutoRRs wird von Partnern des Oberrheins unterst\u00fctzt und wurde von europ\u00e4ischen F\u00f6rdermitteln im Rahmen des Programms Interreg V Oberrhein (Juli 2020 \/ Juni 2023) profitiert .<\/strong><\/p>\n\n<figure class=\"wp-block-image size-full is-resized\"><img loading=\"lazy\" decoding=\"async\" width=\"1726\" height=\"421\" src=\"https:\/\/www.eltern-bilinguisme.org\/wp-content\/uploads\/2022\/09\/Eltern_bandeau-logos-recrutorrs.jpg\" alt=\"\" class=\"wp-image-480\" style=\"width:1726px;height:421px\" srcset=\"https:\/\/www.eltern-bilinguisme.org\/wp-content\/uploads\/2022\/09\/Eltern_bandeau-logos-recrutorrs.jpg 1726w, https:\/\/www.eltern-bilinguisme.org\/wp-content\/uploads\/2022\/09\/Eltern_bandeau-logos-recrutorrs-848x207.jpg 848w, https:\/\/www.eltern-bilinguisme.org\/wp-content\/uploads\/2022\/09\/Eltern_bandeau-logos-recrutorrs-768x187.jpg 768w, https:\/\/www.eltern-bilinguisme.org\/wp-content\/uploads\/2022\/09\/Eltern_bandeau-logos-recrutorrs-1536x375.jpg 1536w\" sizes=\"(max-width: 1726px) 100vw, 1726px\" \/><\/figure>\n\n<div class=\"wp-block-columns is-layout-flex wp-container-core-columns-is-layout-5 wp-block-columns-is-layout-flex\">\n<div class=\"wp-block-column is-layout-flow wp-block-column-is-layout-flow\" style=\"flex-basis:100px\">\n<figure class=\"wp-block-image size-full is-resized\"><img loading=\"lazy\" decoding=\"async\" width=\"96\" height=\"170\" src=\"https:\/\/www.eltern-bilinguisme.org\/wp-content\/uploads\/2024\/05\/eurodistrict-strasbourg-ortenau.jpg\" alt=\"\" class=\"wp-image-4883\" style=\"aspect-ratio:9\/16;object-fit:cover;width:92px;height:auto\"\/><\/figure>\n<\/div>\n\n\n\n<div class=\"wp-block-column is-layout-flow wp-block-column-is-layout-flow\">\n<figure class=\"wp-block-image size-full is-resized\"><img loading=\"lazy\" decoding=\"async\" width=\"400\" height=\"158\" src=\"https:\/\/www.eltern-bilinguisme.org\/wp-content\/uploads\/2024\/05\/culture-et-bilinguisme.jpg\" alt=\"\" class=\"wp-image-4885\" style=\"width:276px;height:auto\"\/><\/figure>\n<\/div>\n\n\n\n<div class=\"wp-block-column is-layout-flow wp-block-column-is-layout-flow\">\n<figure class=\"wp-block-image size-full is-resized\"><img loading=\"lazy\" decoding=\"async\" width=\"1280\" height=\"485\" src=\"https:\/\/www.eltern-bilinguisme.org\/wp-content\/uploads\/2024\/05\/Universite_de_Strasbourg.png\" alt=\"\" class=\"wp-image-4887\" style=\"width:211px;height:auto\" srcset=\"https:\/\/www.eltern-bilinguisme.org\/wp-content\/uploads\/2024\/05\/Universite_de_Strasbourg.png 1280w, https:\/\/www.eltern-bilinguisme.org\/wp-content\/uploads\/2024\/05\/Universite_de_Strasbourg-848x321.png 848w, https:\/\/www.eltern-bilinguisme.org\/wp-content\/uploads\/2024\/05\/Universite_de_Strasbourg-768x291.png 768w\" sizes=\"(max-width: 1280px) 100vw, 1280px\" \/><\/figure>\n<\/div>\n\n\n\n<div class=\"wp-block-column is-layout-flow wp-block-column-is-layout-flow\">\n<figure class=\"wp-block-image size-full is-resized\"><img loading=\"lazy\" decoding=\"async\" width=\"200\" height=\"140\" src=\"https:\/\/www.eltern-bilinguisme.org\/wp-content\/uploads\/2024\/05\/JFBS-Baerenthal.png\" alt=\"\" class=\"wp-image-4890\" style=\"width:170px;height:auto\"\/><\/figure>\n<\/div>\n\n\n\n<div class=\"wp-block-column is-layout-flow wp-block-column-is-layout-flow\">\n<figure class=\"wp-block-image size-full is-resized\"><img loading=\"lazy\" decoding=\"async\" width=\"600\" height=\"421\" src=\"https:\/\/www.eltern-bilinguisme.org\/wp-content\/uploads\/2024\/05\/ecole-de-gaulle.png\" alt=\"\" class=\"wp-image-4892\" style=\"width:135px;height:auto\"\/><\/figure>\n<\/div>\n\n\n\n<div class=\"wp-block-column is-layout-flow wp-block-column-is-layout-flow\">\n<figure class=\"wp-block-image size-full\"><img loading=\"lazy\" decoding=\"async\" width=\"221\" height=\"111\" src=\"https:\/\/www.eltern-bilinguisme.org\/wp-content\/uploads\/2025\/01\/mdf-logo-main.png\" alt=\"\" class=\"wp-image-5794\"\/><\/figure>\n<\/div>\n<\/div>\n\n<div class=\"wp-block-columns is-layout-flex wp-container-core-columns-is-layout-6 wp-block-columns-is-layout-flex\">\n<div class=\"wp-block-column is-layout-flow wp-block-column-is-layout-flow\">\n<p><strong>Nehmen Sie f\u00fcr weitere Informationen gern Kontakt mit uns auf!<\/strong><\/p>\n\n\n\n<p>Eltern Alsace \/ RecrutoRRs<br\/>11 rue Mittlerweg<br\/>F-68025 COLMAR Cedex<\/p>\n\n\n\n<p>FR: +33 (0)3 89 20 63 23<\/p>\n\n\n\n<p>DE: +49 76 81 47 45 566<\/p>\n\n\n\n<p><a href=\"mailto:recrutorrs@eltern-bilinguisme.org\">recrutorrs@eltern-bilinguisme.org<\/a><\/p>\n<\/div>\n<\/div>\n","protected":false},"excerpt":{"rendered":"<p>Im Rahmen des Projekts RecrutoRRs wurde eine trinationale Plattform am Oberrhein zur F\u00f6rderung, Sensibilisierung und Personalvermittlung im Hinblick auf die Berufe der zweisprachigen Schulbildung sowie der F\u00f6rderung der Regionalsprache im Elsass (Deutsch\/Els\u00e4ssisch)&#8230;<\/p>\n","protected":false},"author":2,"featured_media":758,"parent":0,"menu_order":0,"comment_status":"closed","ping_status":"closed","template":"","meta":{"_eb_attr":"","footnotes":""},"acf":[],"yoast_head":"<!-- This site is optimized with the Yoast SEO plugin v20.13 - https:\/\/yoast.com\/wordpress\/plugins\/seo\/ -->\n<title>RecrutoRRs | Eltern Alsace<\/title>\n<meta name=\"description\" content=\"Werbung, Sensibilisierung und Rekrutierung f\u00fcr die Berufe des zweisprachigen Unterrichts und die F\u00f6rderung der Regionalsprache (Deutsch\/Els\u00e4ssisch) im Elsass\" \/>\n<meta name=\"robots\" content=\"index, follow, max-snippet:-1, max-image-preview:large, max-video-preview:-1\" \/>\n<link rel=\"canonical\" href=\"https:\/\/www.eltern-bilinguisme.org\/de\/recrutorrs\/\" \/>\n<meta property=\"og:locale\" content=\"de_DE\" \/>\n<meta property=\"og:type\" content=\"article\" \/>\n<meta property=\"og:title\" content=\"RecrutoRRs | Eltern Alsace\" \/>\n<meta property=\"og:description\" content=\"Werbung, Sensibilisierung und Rekrutierung f\u00fcr die Berufe des zweisprachigen Unterrichts und die F\u00f6rderung der Regionalsprache (Deutsch\/Els\u00e4ssisch) im Elsass\" \/>\n<meta property=\"og:url\" content=\"https:\/\/www.eltern-bilinguisme.org\/de\/recrutorrs\/\" \/>\n<meta property=\"og:site_name\" content=\"Eltern Alsace\" \/>\n<meta property=\"article:publisher\" content=\"https:\/\/www.facebook.com\/ElternAlsace\" \/>\n<meta property=\"article:modified_time\" content=\"2025-01-29T08:52:46+00:00\" \/>\n<meta property=\"og:image\" content=\"https:\/\/www.eltern-bilinguisme.org\/wp-content\/uploads\/2022\/10\/ELTERN_banniere_recrutorrs_2560x860px.jpg\" \/>\n\t<meta property=\"og:image:width\" content=\"2560\" \/>\n\t<meta property=\"og:image:height\" content=\"860\" \/>\n\t<meta property=\"og:image:type\" content=\"image\/jpeg\" \/>\n<meta name=\"twitter:card\" content=\"summary_large_image\" \/>\n<meta name=\"twitter:label1\" content=\"Gesch\u00e4tzte Lesezeit\" \/>\n\t<meta name=\"twitter:data1\" content=\"3\u00a0Minuten\" \/>\n<script type=\"application\/ld+json\" class=\"yoast-schema-graph\">{\"@context\":\"https:\/\/schema.org\",\"@graph\":[{\"@type\":\"WebPage\",\"@id\":\"https:\/\/www.eltern-bilinguisme.org\/de\/recrutorrs\/\",\"url\":\"https:\/\/www.eltern-bilinguisme.org\/de\/recrutorrs\/\",\"name\":\"RecrutoRRs | Eltern Alsace\",\"isPartOf\":{\"@id\":\"https:\/\/www.eltern-bilinguisme.org\/de\/#website\"},\"datePublished\":\"2022-08-31T14:33:12+00:00\",\"dateModified\":\"2025-01-29T08:52:46+00:00\",\"description\":\"Werbung, Sensibilisierung und Rekrutierung f\u00fcr die Berufe des zweisprachigen Unterrichts und die F\u00f6rderung der Regionalsprache (Deutsch\/Els\u00e4ssisch) im Elsass\",\"breadcrumb\":{\"@id\":\"https:\/\/www.eltern-bilinguisme.org\/de\/recrutorrs\/#breadcrumb\"},\"inLanguage\":\"de\",\"potentialAction\":[{\"@type\":\"ReadAction\",\"target\":[\"https:\/\/www.eltern-bilinguisme.org\/de\/recrutorrs\/\"]}]},{\"@type\":\"BreadcrumbList\",\"@id\":\"https:\/\/www.eltern-bilinguisme.org\/de\/recrutorrs\/#breadcrumb\",\"itemListElement\":[{\"@type\":\"ListItem\",\"position\":1,\"name\":\"Accueil\",\"item\":\"https:\/\/www.eltern-bilinguisme.org\/de\/\"},{\"@type\":\"ListItem\",\"position\":2,\"name\":\"RecrutoRRs\"}]},{\"@type\":\"WebSite\",\"@id\":\"https:\/\/www.eltern-bilinguisme.org\/de\/#website\",\"url\":\"https:\/\/www.eltern-bilinguisme.org\/de\/\",\"name\":\"Eltern Alsace\",\"description\":\"Etre bilingue, c&#039;est mettre deux fois plus de chances de son c\u00f4t\u00e9 !\",\"publisher\":{\"@id\":\"https:\/\/www.eltern-bilinguisme.org\/de\/#organization\"},\"potentialAction\":[{\"@type\":\"SearchAction\",\"target\":{\"@type\":\"EntryPoint\",\"urlTemplate\":\"https:\/\/www.eltern-bilinguisme.org\/de\/?s={search_term_string}\"},\"query-input\":\"required name=search_term_string\"}],\"inLanguage\":\"de\"},{\"@type\":\"Organization\",\"@id\":\"https:\/\/www.eltern-bilinguisme.org\/de\/#organization\",\"name\":\"Eltern Alsace\",\"url\":\"https:\/\/www.eltern-bilinguisme.org\/de\/\",\"logo\":{\"@type\":\"ImageObject\",\"inLanguage\":\"de\",\"@id\":\"https:\/\/www.eltern-bilinguisme.org\/de\/#\/schema\/logo\/image\/\",\"url\":\"https:\/\/www.eltern-bilinguisme.org\/wp-content\/uploads\/2022\/08\/logo-footer.png\",\"contentUrl\":\"https:\/\/www.eltern-bilinguisme.org\/wp-content\/uploads\/2022\/08\/logo-footer.png\",\"width\":301,\"height\":178,\"caption\":\"Eltern Alsace\"},\"image\":{\"@id\":\"https:\/\/www.eltern-bilinguisme.org\/de\/#\/schema\/logo\/image\/\"},\"sameAs\":[\"https:\/\/www.facebook.com\/ElternAlsace\",\"https:\/\/www.instagram.com\/elternalsace\/\"]}]}<\/script>\n<!-- \/ Yoast SEO plugin. -->","yoast_head_json":{"title":"RecrutoRRs | Eltern Alsace","description":"Werbung, Sensibilisierung und Rekrutierung f\u00fcr die Berufe des zweisprachigen Unterrichts und die F\u00f6rderung der Regionalsprache (Deutsch\/Els\u00e4ssisch) im Elsass","robots":{"index":"index","follow":"follow","max-snippet":"max-snippet:-1","max-image-preview":"max-image-preview:large","max-video-preview":"max-video-preview:-1"},"canonical":"https:\/\/www.eltern-bilinguisme.org\/de\/recrutorrs\/","og_locale":"de_DE","og_type":"article","og_title":"RecrutoRRs | Eltern Alsace","og_description":"Werbung, Sensibilisierung und Rekrutierung f\u00fcr die Berufe des zweisprachigen Unterrichts und die F\u00f6rderung der Regionalsprache (Deutsch\/Els\u00e4ssisch) im Elsass","og_url":"https:\/\/www.eltern-bilinguisme.org\/de\/recrutorrs\/","og_site_name":"Eltern Alsace","article_publisher":"https:\/\/www.facebook.com\/ElternAlsace","article_modified_time":"2025-01-29T08:52:46+00:00","og_image":[{"width":2560,"height":860,"url":"https:\/\/www.eltern-bilinguisme.org\/wp-content\/uploads\/2022\/10\/ELTERN_banniere_recrutorrs_2560x860px.jpg","type":"image\/jpeg"}],"twitter_card":"summary_large_image","twitter_misc":{"Gesch\u00e4tzte Lesezeit":"3\u00a0Minuten"},"schema":{"@context":"https:\/\/schema.org","@graph":[{"@type":"WebPage","@id":"https:\/\/www.eltern-bilinguisme.org\/de\/recrutorrs\/","url":"https:\/\/www.eltern-bilinguisme.org\/de\/recrutorrs\/","name":"RecrutoRRs | Eltern Alsace","isPartOf":{"@id":"https:\/\/www.eltern-bilinguisme.org\/de\/#website"},"datePublished":"2022-08-31T14:33:12+00:00","dateModified":"2025-01-29T08:52:46+00:00","description":"Werbung, Sensibilisierung und Rekrutierung f\u00fcr die Berufe des zweisprachigen Unterrichts und die F\u00f6rderung der Regionalsprache (Deutsch\/Els\u00e4ssisch) im Elsass","breadcrumb":{"@id":"https:\/\/www.eltern-bilinguisme.org\/de\/recrutorrs\/#breadcrumb"},"inLanguage":"de","potentialAction":[{"@type":"ReadAction","target":["https:\/\/www.eltern-bilinguisme.org\/de\/recrutorrs\/"]}]},{"@type":"BreadcrumbList","@id":"https:\/\/www.eltern-bilinguisme.org\/de\/recrutorrs\/#breadcrumb","itemListElement":[{"@type":"ListItem","position":1,"name":"Accueil","item":"https:\/\/www.eltern-bilinguisme.org\/de\/"},{"@type":"ListItem","position":2,"name":"RecrutoRRs"}]},{"@type":"WebSite","@id":"https:\/\/www.eltern-bilinguisme.org\/de\/#website","url":"https:\/\/www.eltern-bilinguisme.org\/de\/","name":"Eltern Alsace","description":"Etre bilingue, c&#039;est mettre deux fois plus de chances de son c\u00f4t\u00e9 !","publisher":{"@id":"https:\/\/www.eltern-bilinguisme.org\/de\/#organization"},"potentialAction":[{"@type":"SearchAction","target":{"@type":"EntryPoint","urlTemplate":"https:\/\/www.eltern-bilinguisme.org\/de\/?s={search_term_string}"},"query-input":"required name=search_term_string"}],"inLanguage":"de"},{"@type":"Organization","@id":"https:\/\/www.eltern-bilinguisme.org\/de\/#organization","name":"Eltern Alsace","url":"https:\/\/www.eltern-bilinguisme.org\/de\/","logo":{"@type":"ImageObject","inLanguage":"de","@id":"https:\/\/www.eltern-bilinguisme.org\/de\/#\/schema\/logo\/image\/","url":"https:\/\/www.eltern-bilinguisme.org\/wp-content\/uploads\/2022\/08\/logo-footer.png","contentUrl":"https:\/\/www.eltern-bilinguisme.org\/wp-content\/uploads\/2022\/08\/logo-footer.png","width":301,"height":178,"caption":"Eltern Alsace"},"image":{"@id":"https:\/\/www.eltern-bilinguisme.org\/de\/#\/schema\/logo\/image\/"},"sameAs":["https:\/\/www.facebook.com\/ElternAlsace","https:\/\/www.instagram.com\/elternalsace\/"]}]}},"publishpress_future_action":{"enabled":false,"date":"1970-01-01 01:00:00","action":"","terms":[],"taxonomy":"","browser_timezone_offset":0},"_links":{"self":[{"href":"https:\/\/www.eltern-bilinguisme.org\/de\/wp-json\/wp\/v2\/pages\/879"}],"collection":[{"href":"https:\/\/www.eltern-bilinguisme.org\/de\/wp-json\/wp\/v2\/pages"}],"about":[{"href":"https:\/\/www.eltern-bilinguisme.org\/de\/wp-json\/wp\/v2\/types\/page"}],"author":[{"embeddable":true,"href":"https:\/\/www.eltern-bilinguisme.org\/de\/wp-json\/wp\/v2\/users\/2"}],"replies":[{"embeddable":true,"href":"https:\/\/www.eltern-bilinguisme.org\/de\/wp-json\/wp\/v2\/comments?post=879"}],"version-history":[{"count":20,"href":"https:\/\/www.eltern-bilinguisme.org\/de\/wp-json\/wp\/v2\/pages\/879\/revisions"}],"predecessor-version":[{"id":5799,"href":"https:\/\/www.eltern-bilinguisme.org\/de\/wp-json\/wp\/v2\/pages\/879\/revisions\/5799"}],"wp:featuredmedia":[{"embeddable":true,"href":"https:\/\/www.eltern-bilinguisme.org\/de\/wp-json\/wp\/v2\/media\/758"}],"wp:attachment":[{"href":"https:\/\/www.eltern-bilinguisme.org\/de\/wp-json\/wp\/v2\/media?parent=879"}],"curies":[{"name":"wp","href":"https:\/\/api.w.org\/{rel}","templated":true}]}}