{"id":950,"date":"2022-09-16T10:59:08","date_gmt":"2022-09-16T08:59:08","guid":{"rendered":"https:\/\/www.eltern-bilinguisme.org\/vereine\/"},"modified":"2024-12-19T14:43:36","modified_gmt":"2024-12-19T13:43:36","slug":"vereine","status":"publish","type":"page","link":"https:\/\/www.eltern-bilinguisme.org\/de\/vereine\/","title":{"rendered":"Vereine"},"content":{"rendered":"\n<div style=\"height:39px\" aria-hidden=\"true\" class=\"wp-block-spacer\"><\/div>\n\n<h2 class=\"wp-block-heading has-text-align-center\"><strong>ZUSAMMENSCHL\u00dcSSE, DENEN ELTERN ALSACE ANGEH\u00d6RT<\/strong><\/h2>\n\n<div style=\"height:20px\" aria-hidden=\"true\" class=\"wp-block-spacer\"><\/div>\n\n<div class=\"wp-block-columns is-layout-flex wp-container-core-columns-is-layout-1 wp-block-columns-is-layout-flex\">\n<div class=\"wp-block-column is-layout-flow wp-block-column-is-layout-flow\"><div class=\"wp-block-image\">\n<figure class=\"aligncenter size-full\"><a href=\"https:\/\/www.fab.alsace\/\"><img loading=\"lazy\" decoding=\"async\" width=\"484\" height=\"148\" src=\"https:\/\/www.eltern-bilinguisme.org\/wp-content\/uploads\/2022\/09\/FAB.png\" alt=\"\" class=\"wp-image-343\"\/><\/a><\/figure><\/div>\n\n\n<p class=\"has-text-align-center\"><strong><a href=\"https:\/\/www.fab.alsace\/\">F\u00e9d\u00e9ration Alsace Bilingue (Verband Zweisprachiges Elsass)<\/a><\/strong><\/p>\n\n\n\n<div style=\"height:30px\" aria-hidden=\"true\" class=\"wp-block-spacer\"><\/div>\n\n\n<div class=\"wp-block-image\">\n<figure class=\"aligncenter size-full is-resized\"><a href=\"https:\/\/www.pourqueviventnoslangues.org\/\"><img loading=\"lazy\" decoding=\"async\" width=\"500\" height=\"254\" src=\"https:\/\/www.eltern-bilinguisme.org\/wp-content\/uploads\/2022\/09\/pour-que-vivent-nos-langues.png\" alt=\"\" class=\"wp-image-344\" style=\"width:241px;height:122px\"\/><\/a><\/figure><\/div>\n\n\n<p class=\"has-text-align-center\"><strong><a href=\"https:\/\/www.pourqueviventnoslangues.org\/\">Kollektiv \u00ab Pour Que Vivent Nos Langues \u00bb<\/a><\/strong><\/p>\n<\/div>\n\n\n\n<div class=\"wp-block-column is-layout-flow wp-block-column-is-layout-flow\" style=\"flex-basis:50px\"><\/div>\n\n\n\n<div class=\"wp-block-column is-layout-flow wp-block-column-is-layout-flow\"><div class=\"wp-block-image\">\n<figure class=\"aligncenter size-full is-resized\"><a href=\"https:\/\/www.flarep.com\/\"><img loading=\"lazy\" decoding=\"async\" width=\"604\" height=\"340\" src=\"https:\/\/www.eltern-bilinguisme.org\/wp-content\/uploads\/2022\/11\/FLAREP-LOGO_bonformat_bordure.jpg\" alt=\"\" class=\"wp-image-1405\" style=\"width:279px;height:157px\"\/><\/a><\/figure><\/div>\n\n\n<p class=\"has-text-align-center\"><strong><a href=\"https:\/\/www.flarep.com\/\">FLAREP<\/a><\/strong> : F\u00e9d\u00e9ration pour les Langues R\u00e9gionales dans l\u2019Enseignement Public (Verband der Regionalsprachen in der \u00f6ffentlichen Schule)<\/p>\n<\/div>\n<\/div>\n\n<div style=\"height:50px\" aria-hidden=\"true\" class=\"wp-block-spacer\"><\/div>\n\n<h2 class=\"wp-block-heading has-text-align-center\"><strong>VERB\u00c4NDE, DIE SICH MIT DEM THEMA ZWEISPRACHIGKEIT BEFASSEN<\/strong><\/h2>\n\n<div class=\"wp-block-columns is-layout-flex wp-container-core-columns-is-layout-2 wp-block-columns-is-layout-flex\">\n<div class=\"wp-block-column is-layout-flow wp-block-column-is-layout-flow\"><div class=\"wp-block-image\">\n<figure class=\"aligncenter size-full is-resized\"><img loading=\"lazy\" decoding=\"async\" width=\"600\" height=\"152\" src=\"https:\/\/www.eltern-bilinguisme.org\/wp-content\/uploads\/2022\/11\/centre-culturel-alsacien.jpeg\" alt=\"\" class=\"wp-image-1407\" style=\"width:311px;height:78px\"\/><\/figure><\/div>\n\n\n<p class=\"has-text-align-center\"><a href=\"https:\/\/www.culture-bilinguisme.eu\/\"><strong>Culture Et Bilinguisme D&#8217;Alsace Moselle<\/strong><\/a><\/p>\n<\/div>\n\n\n\n<div class=\"wp-block-column is-layout-flow wp-block-column-is-layout-flow\" style=\"flex-basis:50px\"><\/div>\n\n\n\n<div class=\"wp-block-column is-layout-flow wp-block-column-is-layout-flow\"><\/div>\n<\/div>\n\n<div style=\"height:50px\" aria-hidden=\"true\" class=\"wp-block-spacer\"><\/div>\n\n<h2 class=\"wp-block-heading has-text-align-center\"><strong>LOKALE ELTERN-VERB\u00c4NDE<\/strong><\/h2>\n\n<div style=\"height:20px\" aria-hidden=\"true\" class=\"wp-block-spacer\"><\/div>\n\n<div class=\"wp-block-columns is-layout-flex wp-container-core-columns-is-layout-3 wp-block-columns-is-layout-flex\">\n<div class=\"wp-block-column is-layout-flow wp-block-column-is-layout-flow\"><div class=\"wp-block-image\">\n<figure class=\"aligncenter size-full\"><a href=\"https:\/\/www.abcmzwei.eu\/\"><img loading=\"lazy\" decoding=\"async\" width=\"176\" height=\"186\" src=\"https:\/\/www.eltern-bilinguisme.org\/wp-content\/uploads\/2022\/09\/ABCM.jpg\" alt=\"\" class=\"wp-image-347\"\/><\/a><\/figure><\/div>\n\n\n<p class=\"has-text-align-center\"><strong><a href=\"https:\/\/www.abcmzwei.eu\/\">ABCM Zweisprachigkeit<\/a><\/strong>: Elternverband der zweisprachigen Schulen ABCM Zweisprachigkeit<\/p>\n\n\n\n<div style=\"height:81px\" aria-hidden=\"true\" class=\"wp-block-spacer\"><\/div>\n\n\n<div class=\"wp-block-image\">\n<figure class=\"aligncenter size-full is-resized\"><a href=\"https:\/\/sterickle.wordpress.com\/\"><img loading=\"lazy\" decoding=\"async\" width=\"734\" height=\"282\" src=\"https:\/\/www.eltern-bilinguisme.org\/wp-content\/uploads\/2022\/11\/schlettstadter-Sterickle.jpg\" alt=\"\" class=\"wp-image-1411\" style=\"width:295px;height:113px\"\/><\/a><\/figure><\/div>\n\n\n<p class=\"has-text-align-center\"><strong><a href=\"https:\/\/sterickle.wordpress.com\/\">Schlettstadter Sterickle<\/a><\/strong>: Verband der Eltern von zweisprachigen Kindern in S\u00e9lestat<\/p>\n<\/div>\n\n\n\n<div class=\"wp-block-column is-layout-flow wp-block-column-is-layout-flow\" style=\"flex-basis:50px\"><\/div>\n\n\n\n<div class=\"wp-block-column is-layout-flow wp-block-column-is-layout-flow\"><div class=\"wp-block-image\">\n<figure class=\"aligncenter size-full is-resized\"><a href=\"http:\/\/www.kinderlaterne.com\/\"><img loading=\"lazy\" decoding=\"async\" width=\"281\" height=\"281\" src=\"https:\/\/www.eltern-bilinguisme.org\/wp-content\/uploads\/2022\/11\/Kinderlaterne.jpg\" alt=\"\" class=\"wp-image-1414\" style=\"width:206px;height:206px\"\/><\/a><\/figure><\/div>\n\n\n<p class=\"has-text-align-center\"><strong><a href=\"http:\/\/www.kinderlaterne.com\/\">Kinderlaterne<\/a><\/strong>: Verband f\u00fcr Zweisprachigkeit in Obernai<\/p>\n\n\n\n<div style=\"height:7px\" aria-hidden=\"true\" class=\"wp-block-spacer\"><\/div>\n\n\n<div class=\"wp-block-image\">\n<figure class=\"aligncenter size-full\"><a href=\"https:\/\/www.facebook.com\/stumbasdelascherr\/\"><img loading=\"lazy\" decoding=\"async\" width=\"240\" height=\"240\" src=\"https:\/\/www.eltern-bilinguisme.org\/wp-content\/uploads\/2022\/09\/stumbas.jpg\" alt=\"\" class=\"wp-image-350\"\/><\/a><\/figure><\/div>\n\n\n<p class=\"has-text-align-center\"><strong><a href=\"https:\/\/www.facebook.com\/stumbasdelascherr\/\">Les Stumbas de la Scherr<\/a><\/strong>: Association des parents des \u00e9l\u00e8ves de section bilingue de Scherwiller<\/p>\n<\/div>\n<\/div>\n\n<div style=\"height:49px\" aria-hidden=\"true\" class=\"wp-block-spacer\"><\/div>\n\n<h2 class=\"wp-block-heading has-text-align-center\" style=\"text-transform:uppercase\"><strong>Au\u00dferschulische Aktivit\u00e4ten<\/strong><\/h2>\n\n<div style=\"height:19px\" aria-hidden=\"true\" class=\"wp-block-spacer\"><\/div>\n\n<div class=\"wp-block-columns is-layout-flex wp-container-core-columns-is-layout-4 wp-block-columns-is-layout-flex\">\n<div class=\"wp-block-column is-layout-flow wp-block-column-is-layout-flow\"><div class=\"wp-block-image\">\n<figure class=\"aligncenter size-full\"><a href=\"http:\/\/www.kiddyassoc.com\/\"><img loading=\"lazy\" decoding=\"async\" width=\"350\" height=\"124\" src=\"https:\/\/www.eltern-bilinguisme.org\/wp-content\/uploads\/2022\/09\/kiddy.jpg\" alt=\"\" class=\"wp-image-351\"\/><\/a><\/figure><\/div>\n\n\n<p class=\"has-text-align-center\"><strong><a href=\"http:\/\/www.kiddyassoc.com\/\">KIDDY<\/a><\/strong> l\u2019Universit\u00e9 en culotte courte : Aktivit\u00e4ten auf Deutsch und auf Englisch f\u00fcr Kinder zwischen 4 und 16 Jahren<\/p>\n\n\n\n<div style=\"height:26px\" aria-hidden=\"true\" class=\"wp-block-spacer\"><\/div>\n\n\n<div class=\"wp-block-image\">\n<figure class=\"aligncenter size-full\"><a href=\"https:\/\/naturhena.org\/\"><img loading=\"lazy\" decoding=\"async\" width=\"284\" height=\"78\" src=\"https:\/\/www.eltern-bilinguisme.org\/wp-content\/uploads\/2022\/09\/naturhena.jpg\" alt=\"\" class=\"wp-image-352\"\/><\/a><\/figure><\/div>\n\n\n<p class=\"has-text-align-center\"><strong><a href=\"https:\/\/naturhena.org\/\">Naturhena<\/a><\/strong>: Verein f\u00fcr die F\u00f6rderung des grenz\u00fcberschreitenden Austauschs in der RegioTriRhena im Bereich des Verh\u00e4ltnis vom Mensch mit der Natur<\/p>\n<\/div>\n\n\n\n<div class=\"wp-block-column is-layout-flow wp-block-column-is-layout-flow\" style=\"flex-basis:50px\"><\/div>\n\n\n\n<div class=\"wp-block-column is-layout-flow wp-block-column-is-layout-flow\"><div class=\"wp-block-image\">\n<figure class=\"aligncenter size-large is-resized\"><a href=\"https:\/\/ccf-fr.de\/\"><img loading=\"lazy\" decoding=\"async\" width=\"1730\" height=\"570\" src=\"https:\/\/www.eltern-bilinguisme.org\/wp-content\/uploads\/2022\/09\/centre-culturel-freiburg-1730x570.png\" alt=\"\" class=\"wp-image-353\" style=\"width:301px;height:99px\" srcset=\"https:\/\/www.eltern-bilinguisme.org\/wp-content\/uploads\/2022\/09\/centre-culturel-freiburg-1730x570.png 1730w, https:\/\/www.eltern-bilinguisme.org\/wp-content\/uploads\/2022\/09\/centre-culturel-freiburg-848x279.png 848w, https:\/\/www.eltern-bilinguisme.org\/wp-content\/uploads\/2022\/09\/centre-culturel-freiburg-768x253.png 768w, https:\/\/www.eltern-bilinguisme.org\/wp-content\/uploads\/2022\/09\/centre-culturel-freiburg-1536x506.png 1536w, https:\/\/www.eltern-bilinguisme.org\/wp-content\/uploads\/2022\/09\/centre-culturel-freiburg.png 1870w\" sizes=\"(max-width: 1730px) 100vw, 1730px\" \/><\/a><\/figure><\/div>\n\n\n<p class=\"has-text-align-center\"><strong><a href=\"https:\/\/ccf-fr.de\/\">Austausch-Zentrum OberRhein \u2013 Franz\u00f6sisches Kulturzentrum Freiburg<\/a><\/strong><\/p>\n\n\n\n<div style=\"height:61px\" aria-hidden=\"true\" class=\"wp-block-spacer\"><\/div>\n\n\n<div class=\"wp-block-image\">\n<figure class=\"aligncenter size-full is-resized\"><a href=\"https:\/\/www.alemaniac.org\/\"><img loading=\"lazy\" decoding=\"async\" width=\"1417\" height=\"472\" src=\"https:\/\/www.eltern-bilinguisme.org\/wp-content\/uploads\/2024\/12\/logo-alemaniac-1.jpg\" alt=\"\" class=\"wp-image-5702\" style=\"width:308px;height:auto\" srcset=\"https:\/\/www.eltern-bilinguisme.org\/wp-content\/uploads\/2024\/12\/logo-alemaniac-1.jpg 1417w, https:\/\/www.eltern-bilinguisme.org\/wp-content\/uploads\/2024\/12\/logo-alemaniac-1-848x282.jpg 848w, https:\/\/www.eltern-bilinguisme.org\/wp-content\/uploads\/2024\/12\/logo-alemaniac-1-768x256.jpg 768w\" sizes=\"(max-width: 1417px) 100vw, 1417px\" \/><\/a><\/figure><\/div>\n\n\n<p class=\"has-text-align-center\"><strong><a href=\"https:\/\/www.alemaniac.org\/\">Alemaniac <\/a><\/strong>: Alemannisches Mundartfestival<\/p>\n<\/div>\n<\/div>\n","protected":false},"excerpt":{"rendered":"<p>ZUSAMMENSCHL\u00dcSSE, DENEN ELTERN ALSACE ANGEH\u00d6RT F\u00e9d\u00e9ration Alsace Bilingue (Verband Zweisprachiges Elsass) Kollektiv \u00ab Pour Que Vivent Nos Langues \u00bb FLAREP : F\u00e9d\u00e9ration pour les Langues R\u00e9gionales dans l\u2019Enseignement Public (Verband der Regionalsprachen&#8230;<\/p>\n","protected":false},"author":2,"featured_media":794,"parent":0,"menu_order":0,"comment_status":"closed","ping_status":"closed","template":"","meta":{"_eb_attr":"","footnotes":""},"acf":[],"yoast_head":"<!-- This site is optimized with the Yoast SEO plugin v20.13 - https:\/\/yoast.com\/wordpress\/plugins\/seo\/ -->\n<title>Vereine | Eltern Alsace<\/title>\n<meta name=\"robots\" content=\"index, follow, max-snippet:-1, max-image-preview:large, max-video-preview:-1\" \/>\n<link rel=\"canonical\" href=\"https:\/\/www.eltern-bilinguisme.org\/de\/vereine\/\" \/>\n<meta property=\"og:locale\" content=\"de_DE\" \/>\n<meta property=\"og:type\" content=\"article\" \/>\n<meta property=\"og:title\" content=\"Vereine | Eltern Alsace\" \/>\n<meta property=\"og:description\" content=\"ZUSAMMENSCHL\u00dcSSE, DENEN ELTERN ALSACE ANGEH\u00d6RT F\u00e9d\u00e9ration Alsace Bilingue (Verband Zweisprachiges Elsass) Kollektiv \u00ab Pour Que Vivent Nos Langues \u00bb FLAREP : F\u00e9d\u00e9ration pour les Langues R\u00e9gionales dans l\u2019Enseignement Public (Verband der Regionalsprachen...\" \/>\n<meta property=\"og:url\" content=\"https:\/\/www.eltern-bilinguisme.org\/de\/vereine\/\" \/>\n<meta property=\"og:site_name\" content=\"Eltern Alsace\" \/>\n<meta property=\"article:publisher\" content=\"https:\/\/www.facebook.com\/ElternAlsace\" \/>\n<meta property=\"article:modified_time\" content=\"2024-12-19T13:43:36+00:00\" \/>\n<meta property=\"og:image\" content=\"https:\/\/www.eltern-bilinguisme.org\/wp-content\/uploads\/2022\/10\/ELTERN_banniere_association_2560x860px.jpg\" \/>\n\t<meta property=\"og:image:width\" content=\"2560\" \/>\n\t<meta property=\"og:image:height\" content=\"860\" \/>\n\t<meta property=\"og:image:type\" content=\"image\/jpeg\" \/>\n<meta name=\"twitter:card\" content=\"summary_large_image\" \/>\n<meta name=\"twitter:label1\" content=\"Gesch\u00e4tzte Lesezeit\" \/>\n\t<meta name=\"twitter:data1\" content=\"3\u00a0Minuten\" \/>\n<script type=\"application\/ld+json\" class=\"yoast-schema-graph\">{\"@context\":\"https:\/\/schema.org\",\"@graph\":[{\"@type\":\"WebPage\",\"@id\":\"https:\/\/www.eltern-bilinguisme.org\/de\/vereine\/\",\"url\":\"https:\/\/www.eltern-bilinguisme.org\/de\/vereine\/\",\"name\":\"Vereine | Eltern Alsace\",\"isPartOf\":{\"@id\":\"https:\/\/www.eltern-bilinguisme.org\/de\/#website\"},\"datePublished\":\"2022-09-16T08:59:08+00:00\",\"dateModified\":\"2024-12-19T13:43:36+00:00\",\"breadcrumb\":{\"@id\":\"https:\/\/www.eltern-bilinguisme.org\/de\/vereine\/#breadcrumb\"},\"inLanguage\":\"de\",\"potentialAction\":[{\"@type\":\"ReadAction\",\"target\":[\"https:\/\/www.eltern-bilinguisme.org\/de\/vereine\/\"]}]},{\"@type\":\"BreadcrumbList\",\"@id\":\"https:\/\/www.eltern-bilinguisme.org\/de\/vereine\/#breadcrumb\",\"itemListElement\":[{\"@type\":\"ListItem\",\"position\":1,\"name\":\"Accueil\",\"item\":\"https:\/\/www.eltern-bilinguisme.org\/de\/\"},{\"@type\":\"ListItem\",\"position\":2,\"name\":\"Vereine\"}]},{\"@type\":\"WebSite\",\"@id\":\"https:\/\/www.eltern-bilinguisme.org\/de\/#website\",\"url\":\"https:\/\/www.eltern-bilinguisme.org\/de\/\",\"name\":\"Eltern Alsace\",\"description\":\"Etre bilingue, c&#039;est mettre deux fois plus de chances de son c\u00f4t\u00e9 !\",\"publisher\":{\"@id\":\"https:\/\/www.eltern-bilinguisme.org\/de\/#organization\"},\"potentialAction\":[{\"@type\":\"SearchAction\",\"target\":{\"@type\":\"EntryPoint\",\"urlTemplate\":\"https:\/\/www.eltern-bilinguisme.org\/de\/?s={search_term_string}\"},\"query-input\":\"required name=search_term_string\"}],\"inLanguage\":\"de\"},{\"@type\":\"Organization\",\"@id\":\"https:\/\/www.eltern-bilinguisme.org\/de\/#organization\",\"name\":\"Eltern Alsace\",\"url\":\"https:\/\/www.eltern-bilinguisme.org\/de\/\",\"logo\":{\"@type\":\"ImageObject\",\"inLanguage\":\"de\",\"@id\":\"https:\/\/www.eltern-bilinguisme.org\/de\/#\/schema\/logo\/image\/\",\"url\":\"https:\/\/www.eltern-bilinguisme.org\/wp-content\/uploads\/2022\/08\/logo-footer.png\",\"contentUrl\":\"https:\/\/www.eltern-bilinguisme.org\/wp-content\/uploads\/2022\/08\/logo-footer.png\",\"width\":301,\"height\":178,\"caption\":\"Eltern Alsace\"},\"image\":{\"@id\":\"https:\/\/www.eltern-bilinguisme.org\/de\/#\/schema\/logo\/image\/\"},\"sameAs\":[\"https:\/\/www.facebook.com\/ElternAlsace\",\"https:\/\/www.instagram.com\/elternalsace\/\"]}]}<\/script>\n<!-- \/ Yoast SEO plugin. -->","yoast_head_json":{"title":"Vereine | Eltern Alsace","robots":{"index":"index","follow":"follow","max-snippet":"max-snippet:-1","max-image-preview":"max-image-preview:large","max-video-preview":"max-video-preview:-1"},"canonical":"https:\/\/www.eltern-bilinguisme.org\/de\/vereine\/","og_locale":"de_DE","og_type":"article","og_title":"Vereine | Eltern Alsace","og_description":"ZUSAMMENSCHL\u00dcSSE, DENEN ELTERN ALSACE ANGEH\u00d6RT F\u00e9d\u00e9ration Alsace Bilingue (Verband Zweisprachiges Elsass) Kollektiv \u00ab Pour Que Vivent Nos Langues \u00bb FLAREP : F\u00e9d\u00e9ration pour les Langues R\u00e9gionales dans l\u2019Enseignement Public (Verband der Regionalsprachen...","og_url":"https:\/\/www.eltern-bilinguisme.org\/de\/vereine\/","og_site_name":"Eltern Alsace","article_publisher":"https:\/\/www.facebook.com\/ElternAlsace","article_modified_time":"2024-12-19T13:43:36+00:00","og_image":[{"width":2560,"height":860,"url":"https:\/\/www.eltern-bilinguisme.org\/wp-content\/uploads\/2022\/10\/ELTERN_banniere_association_2560x860px.jpg","type":"image\/jpeg"}],"twitter_card":"summary_large_image","twitter_misc":{"Gesch\u00e4tzte Lesezeit":"3\u00a0Minuten"},"schema":{"@context":"https:\/\/schema.org","@graph":[{"@type":"WebPage","@id":"https:\/\/www.eltern-bilinguisme.org\/de\/vereine\/","url":"https:\/\/www.eltern-bilinguisme.org\/de\/vereine\/","name":"Vereine | Eltern Alsace","isPartOf":{"@id":"https:\/\/www.eltern-bilinguisme.org\/de\/#website"},"datePublished":"2022-09-16T08:59:08+00:00","dateModified":"2024-12-19T13:43:36+00:00","breadcrumb":{"@id":"https:\/\/www.eltern-bilinguisme.org\/de\/vereine\/#breadcrumb"},"inLanguage":"de","potentialAction":[{"@type":"ReadAction","target":["https:\/\/www.eltern-bilinguisme.org\/de\/vereine\/"]}]},{"@type":"BreadcrumbList","@id":"https:\/\/www.eltern-bilinguisme.org\/de\/vereine\/#breadcrumb","itemListElement":[{"@type":"ListItem","position":1,"name":"Accueil","item":"https:\/\/www.eltern-bilinguisme.org\/de\/"},{"@type":"ListItem","position":2,"name":"Vereine"}]},{"@type":"WebSite","@id":"https:\/\/www.eltern-bilinguisme.org\/de\/#website","url":"https:\/\/www.eltern-bilinguisme.org\/de\/","name":"Eltern Alsace","description":"Etre bilingue, c&#039;est mettre deux fois plus de chances de son c\u00f4t\u00e9 !","publisher":{"@id":"https:\/\/www.eltern-bilinguisme.org\/de\/#organization"},"potentialAction":[{"@type":"SearchAction","target":{"@type":"EntryPoint","urlTemplate":"https:\/\/www.eltern-bilinguisme.org\/de\/?s={search_term_string}"},"query-input":"required name=search_term_string"}],"inLanguage":"de"},{"@type":"Organization","@id":"https:\/\/www.eltern-bilinguisme.org\/de\/#organization","name":"Eltern Alsace","url":"https:\/\/www.eltern-bilinguisme.org\/de\/","logo":{"@type":"ImageObject","inLanguage":"de","@id":"https:\/\/www.eltern-bilinguisme.org\/de\/#\/schema\/logo\/image\/","url":"https:\/\/www.eltern-bilinguisme.org\/wp-content\/uploads\/2022\/08\/logo-footer.png","contentUrl":"https:\/\/www.eltern-bilinguisme.org\/wp-content\/uploads\/2022\/08\/logo-footer.png","width":301,"height":178,"caption":"Eltern Alsace"},"image":{"@id":"https:\/\/www.eltern-bilinguisme.org\/de\/#\/schema\/logo\/image\/"},"sameAs":["https:\/\/www.facebook.com\/ElternAlsace","https:\/\/www.instagram.com\/elternalsace\/"]}]}},"publishpress_future_action":{"enabled":false,"date":"1970-01-01 01:00:00","action":"","terms":[],"taxonomy":"","browser_timezone_offset":0},"_links":{"self":[{"href":"https:\/\/www.eltern-bilinguisme.org\/de\/wp-json\/wp\/v2\/pages\/950"}],"collection":[{"href":"https:\/\/www.eltern-bilinguisme.org\/de\/wp-json\/wp\/v2\/pages"}],"about":[{"href":"https:\/\/www.eltern-bilinguisme.org\/de\/wp-json\/wp\/v2\/types\/page"}],"author":[{"embeddable":true,"href":"https:\/\/www.eltern-bilinguisme.org\/de\/wp-json\/wp\/v2\/users\/2"}],"replies":[{"embeddable":true,"href":"https:\/\/www.eltern-bilinguisme.org\/de\/wp-json\/wp\/v2\/comments?post=950"}],"version-history":[{"count":20,"href":"https:\/\/www.eltern-bilinguisme.org\/de\/wp-json\/wp\/v2\/pages\/950\/revisions"}],"predecessor-version":[{"id":5709,"href":"https:\/\/www.eltern-bilinguisme.org\/de\/wp-json\/wp\/v2\/pages\/950\/revisions\/5709"}],"wp:featuredmedia":[{"embeddable":true,"href":"https:\/\/www.eltern-bilinguisme.org\/de\/wp-json\/wp\/v2\/media\/794"}],"wp:attachment":[{"href":"https:\/\/www.eltern-bilinguisme.org\/de\/wp-json\/wp\/v2\/media?parent=950"}],"curies":[{"name":"wp","href":"https:\/\/api.w.org\/{rel}","templated":true}]}}