{"id":987,"date":"2022-08-31T14:05:48","date_gmt":"2022-08-31T12:05:48","guid":{"rendered":"https:\/\/www.eltern-bilinguisme.org\/startseite\/"},"modified":"2024-07-31T10:53:45","modified_gmt":"2024-07-31T08:53:45","slug":"startseite","status":"publish","type":"page","link":"https:\/\/www.eltern-bilinguisme.org\/de\/","title":{"rendered":"Startseite"},"content":{"rendered":"\n\n\n\n<div class=\"wp-block-group fullWidth has-background\" style=\"background-color:#f3ecec\"><div class=\"wp-block-group__inner-container is-layout-flow wp-block-group-is-layout-flow\">\n<h1 class=\"wp-block-heading has-text-align-center h2 entry-title\">Zweisprachigkeit Franz\u00f6sisch &#8211; Els\u00e4ssisch\/Deutsch f\u00fcr alle!<\/h1>\n\n\n\n<p class=\"has-text-align-center\">Eltern Alsace ist eine Vereinigung vertreten durch Eltern, die von der Education Nationale (Bildungswesen) anerkannt und 1995 von Eltern gegr\u00fcndet wurde, um alle Initiativen, die darauf abzielen, das Erlernen der els\u00e4ssischen\/deutschen Sprache zu erleichtern, zu f\u00f6rdern und zu unterst\u00fctzen.<br>Im Elsass haben wir eine einzigartige Chance: Unsere Region ist historisch, kulturell und wirtschaftlich ein Schmelztiegel, der zweisprachig und bikulturell gepr\u00e4gt ist. Seit \u00fcber 25 Jahren setzen sich Eltern daf\u00fcr ein, dass m\u00f6glichst viele Sch\u00fcler, die im Elsass zur Schule gehen, fr\u00fchzeitig &#8211; ab dem Kindergarten &#8211; und w\u00e4hrend ihrer gesamten Schulzeit Zugang zu einem zweisprachigen Unterricht haben.<\/p>\n\n\n\n<div class=\"wp-block-buttons is-layout-flex wp-block-buttons-is-layout-flex\">\n<div class=\"wp-block-button aligncenter\"><a class=\"wp-block-button__link wp-element-button\" href=\"https:\/\/www.eltern-bilinguisme.org\/de\/was-bedeutet-das\/\">Weitere Informationen<\/a><\/div>\n<\/div>\n<\/div><\/div>\n\n\n\n<div style=\"height:5em\" aria-hidden=\"true\" class=\"wp-block-spacer\"><\/div>\n\n\n\n<div class=\"wp-block-columns block--enseignement-bilingue animated slideInRight is-layout-flex wp-container-core-columns-is-layout-1 wp-block-columns-is-layout-flex\">\n<div class=\"wp-block-column col--image is-layout-flow wp-block-column-is-layout-flow\" style=\"flex-basis:48%\">\n<figure class=\"wp-block-image size-full\"><img loading=\"lazy\" decoding=\"async\" width=\"848\" height=\"496\" src=\"https:\/\/www.eltern-bilinguisme.org\/wp-content\/uploads\/2022\/09\/enseignement-bilingue.jpg\" alt=\"Zweisprachige Unterricht\" class=\"wp-image-40\" srcset=\"https:\/\/www.eltern-bilinguisme.org\/wp-content\/uploads\/2022\/09\/enseignement-bilingue.jpg 848w, https:\/\/www.eltern-bilinguisme.org\/wp-content\/uploads\/2022\/09\/enseignement-bilingue-768x449.jpg 768w\" sizes=\"(max-width: 848px) 100vw, 848px\" \/><\/figure>\n<\/div>\n\n\n\n<div class=\"wp-block-column col--texte is-layout-flow wp-block-column-is-layout-flow\" style=\"flex-basis:52%\">\n<div class=\"wp-block-group group\"><div class=\"wp-block-group__inner-container is-layout-flow wp-block-group-is-layout-flow\">\n<h2 class=\"wp-block-heading has-text-align-center entry-title\">Zweisprachige Unterricht<\/h2>\n\n\n\n<p>Der stundengleiche zweisprachige Unterricht wird zur H\u00e4lfte in der Regionalsprache (12 Stunden) und zur H\u00e4lfte in Franz\u00f6sisch (12 Stunden) erteilt. Dies wird als Immersionslernen bezeichnet, eine Lernmethode, die als die effektivste anerkannt ist.<\/p>\n\n\n\n<div class=\"wp-block-buttons is-layout-flex wp-block-buttons-is-layout-flex\">\n<div class=\"wp-block-button\"><a class=\"wp-block-button__link wp-element-button\" href=\"https:\/\/www.eltern-bilinguisme.org\/de\/zweisprachige-unterricht\/\">Weitere Informationen<\/a><\/div>\n<\/div>\n<\/div><\/div>\n<\/div>\n<\/div>\n\n\n\n<div style=\"height:0.95em\" aria-hidden=\"true\" class=\"wp-block-spacer\"><\/div>\n\n\n\n<h2 class=\"wp-block-heading has-text-align-center entry-title\" id=\"debut-contenu\">Unsere Initiativen<\/h2>\n\n\n\n<div class=\"wp-block-columns are-vertically-aligned-center block--action animated slideInLeft is-layout-flex wp-container-core-columns-is-layout-2 wp-block-columns-is-layout-flex\">\n<div class=\"wp-block-column is-vertically-aligned-center col--texte is-layout-flow wp-block-column-is-layout-flow\" style=\"flex-basis:52%\">\n<div class=\"wp-block-group group\"><div class=\"wp-block-group__inner-container is-layout-flow wp-block-group-is-layout-flow\">\n<h3 class=\"wp-block-heading titre-action\">RecrutoRRs<\/h3>\n\n\n\n<p>Im Rahmen des Projekts RecrutoRRs wurde eine trinationale Plattform am Oberrhein zur F\u00f6rderung, Sensibilisierung und Personalvermittlung im Hinblick auf die Berufe der zweisprachigen Schulbildung sowie der F\u00f6rderung der Regionalsprache im Elsass (Deutsch\/Els\u00e4ssisch) geschaffen.<\/p>\n\n\n\n<div class=\"wp-block-buttons is-layout-flex wp-block-buttons-is-layout-flex\">\n<div class=\"wp-block-button\"><a class=\"wp-block-button__link wp-element-button\" href=\"https:\/\/www.eltern-bilinguisme.org\/de\/recrutorrs\/\">Weitere Informationen<\/a><\/div>\n<\/div>\n<\/div><\/div>\n<\/div>\n\n\n\n<div class=\"wp-block-column is-vertically-aligned-center is-layout-flow wp-block-column-is-layout-flow\" style=\"flex-basis:48%\">\n<figure class=\"wp-block-image size-full\"><img loading=\"lazy\" decoding=\"async\" width=\"848\" height=\"496\" src=\"https:\/\/www.eltern-bilinguisme.org\/wp-content\/uploads\/2022\/09\/recrutoRRs.jpg\" alt=\"RecrutoRRs\" class=\"wp-image-42\" srcset=\"https:\/\/www.eltern-bilinguisme.org\/wp-content\/uploads\/2022\/09\/recrutoRRs.jpg 848w, https:\/\/www.eltern-bilinguisme.org\/wp-content\/uploads\/2022\/09\/recrutoRRs-768x449.jpg 768w\" sizes=\"(max-width: 848px) 100vw, 848px\" \/><\/figure>\n<\/div>\n<\/div>\n\n\n\n<div class=\"wp-block-columns are-vertically-aligned-center block--action animated slideInRight is-layout-flex wp-container-core-columns-is-layout-3 wp-block-columns-is-layout-flex\">\n<div class=\"wp-block-column is-vertically-aligned-center is-layout-flow wp-block-column-is-layout-flow\" style=\"flex-basis:48%\">\n<figure class=\"wp-block-image size-full\"><img loading=\"lazy\" decoding=\"async\" width=\"849\" height=\"496\" src=\"https:\/\/www.eltern-bilinguisme.org\/wp-content\/uploads\/2022\/09\/Eurostage-2020.jpg\" alt=\"Eurostage 2020\" class=\"wp-image-41\" srcset=\"https:\/\/www.eltern-bilinguisme.org\/wp-content\/uploads\/2022\/09\/Eurostage-2020.jpg 849w, https:\/\/www.eltern-bilinguisme.org\/wp-content\/uploads\/2022\/09\/Eurostage-2020-768x449.jpg 768w\" sizes=\"(max-width: 849px) 100vw, 849px\" \/><\/figure>\n<\/div>\n\n\n\n<div class=\"wp-block-column is-vertically-aligned-center col--texte is-layout-flow wp-block-column-is-layout-flow\" style=\"flex-basis:52%\">\n<div class=\"wp-block-group group\"><div class=\"wp-block-group__inner-container is-layout-flow wp-block-group-is-layout-flow\">\n<h3 class=\"wp-block-heading titre-action\">Eltern Alsace &#8211; EUROSTAGES<\/h3>\n\n\n\n<p>Die Koordinationsplattform Eltern Alsace &#8211; EUROSTAGES vermittelt einw\u00f6chige Schnupperpraktika f\u00fcr zweisprachige els\u00e4ssische Sch\u00fcler\/innen in deutsche oder Schweizer Firmen und Einrichtungen des Oberrheingebietes.<\/p>\n\n\n\n<div class=\"wp-block-buttons is-layout-flex wp-block-buttons-is-layout-flex\">\n<div class=\"wp-block-button\"><a class=\"wp-block-button__link wp-element-button\" href=\"https:\/\/www.eltern-bilinguisme.org\/de\/eurostages-eltern-alsace\/\">Weitere Informationen<\/a><\/div>\n<\/div>\n<\/div><\/div>\n<\/div>\n<\/div>\n\n\n\n<div style=\"height:50px\" aria-hidden=\"true\" class=\"wp-block-spacer\"><\/div>\n\n\n\n<div class=\"wp-block-columns blocks--fast-links animated slideInUp is-layout-flex wp-container-core-columns-is-layout-4 wp-block-columns-is-layout-flex\">\n<div class=\"wp-block-column block--fast-links is-layout-flow wp-block-column-is-layout-flow\"><div class=\"wp-block-image\">\n<figure class=\"aligncenter size-full is-resized\"><a href=\"https:\/\/www.eltern-bilinguisme.org\/de\/mitgliedschaft\/\"><img decoding=\"async\" src=\"https:\/\/www.eltern-bilinguisme.org\/wp-content\/uploads\/2022\/09\/ELTERN-Alsace_nousrejoindre.svg\" alt=\"Mitglieder werden\" class=\"wp-image-44\" style=\"width:86px;height:76px\"\/><\/a><\/figure><\/div>\n\n\n<p class=\"has-text-align-center\"><a href=\"https:\/\/www.eltern-bilinguisme.org\/de\/mitgliedschaft\/\">Mitglied werden<\/a><\/p>\n<\/div>\n\n\n\n<div class=\"wp-block-column block--fast-links is-layout-flow wp-block-column-is-layout-flow\"><div class=\"wp-block-image\">\n<figure class=\"aligncenter size-full is-resized\"><a href=\"https:\/\/www.eltern-bilinguisme.org\/de\/standorte-zweisprachiger-schulen\/\"><img decoding=\"async\" src=\"https:\/\/www.eltern-bilinguisme.org\/wp-content\/uploads\/2022\/09\/ELTERN-Alsace_sitebilingue.svg\" alt=\"Karten der zweisprachigen Standorte\" class=\"wp-image-45\" style=\"width:100px;height:67px\"\/><\/a><\/figure><\/div>\n\n\n<p class=\"has-text-align-center\"><a href=\"https:\/\/www.eltern-bilinguisme.org\/de\/standorte-zweisprachiger-schulen\/\" data-type=\"URL\" data-id=\"https:\/\/www.eltern-bilinguisme.org\/les-sites-bilingues\/\">Karten der<br>zweisprachigen Standorte<\/a><\/p>\n<\/div>\n\n\n\n<div class=\"wp-block-column block--fast-links is-layout-flow wp-block-column-is-layout-flow\"><div class=\"wp-block-image\">\n<figure class=\"aligncenter size-full is-resized\"><a href=\"https:\/\/www.eltern-bilinguisme.org\/de\/toolbox\/\"><img decoding=\"async\" src=\"https:\/\/www.eltern-bilinguisme.org\/wp-content\/uploads\/2022\/10\/ELTERN-Alsace_dossierthematique2.svg\" alt=\"Toolbox\" class=\"wp-image-780\" style=\"width:100px;height:74px\"\/><\/a><\/figure><\/div>\n\n\n<p class=\"has-text-align-center\"><a data-type=\"URL\" data-id=\"https:\/\/www.eltern-bilinguisme.org\/dossiers-thematiques\/\" href=\"https:\/\/www.eltern-bilinguisme.org\/de\/toolbox\/\">Toolbox <\/a><\/p>\n<\/div>\n\n\n\n<div class=\"wp-block-column block--fast-links is-layout-flow wp-block-column-is-layout-flow\"><div class=\"wp-block-image\">\n<figure class=\"aligncenter size-full is-resized\"><a href=\"https:\/\/www.eltern-bilinguisme.org\/de\/revues-de-presse\/\"><img decoding=\"async\" src=\"https:\/\/www.eltern-bilinguisme.org\/wp-content\/uploads\/2022\/09\/ELTERN-Alsace_dossierthematique.svg\" alt=\"Presseschau\" class=\"wp-image-43\" style=\"width:100px;height:74px\"\/><\/a><\/figure><\/div>\n\n\n<p class=\"has-text-align-center\"><a href=\"https:\/\/www.eltern-bilinguisme.org\/de\/revues-de-presse\/\">Presseschau <\/a><\/p>\n<\/div>\n\n\n\n<div class=\"wp-block-column block--fast-links is-layout-flow wp-block-column-is-layout-flow\"><div class=\"wp-block-image\">\n<figure class=\"aligncenter size-full is-resized\"><img decoding=\"async\" src=\"https:\/\/www.eltern-bilinguisme.org\/wp-content\/uploads\/2023\/03\/camera-pour-site.svg\" alt=\"\" class=\"wp-image-2715\" style=\"width:90px;height:78px\"\/><\/figure><\/div>\n\n\n<p class=\"has-text-align-center\"><a href=\"https:\/\/www.eltern-bilinguisme.org\/de\/eltern-alsace-eurostages-und-recrutorrs-erfahrungsberichte\/\">Videos<\/a><\/p>\n<\/div>\n<\/div>\n\n\n\n<div style=\"height:50px\" aria-hidden=\"true\" class=\"wp-block-spacer\"><\/div>\n","protected":false},"excerpt":{"rendered":"<p>Zweisprachigkeit Franz\u00f6sisch &#8211; Els\u00e4ssisch\/Deutsch f\u00fcr alle! Eltern Alsace ist eine Vereinigung vertreten durch Eltern, die von der Education Nationale (Bildungswesen) anerkannt und 1995 von Eltern gegr\u00fcndet wurde, um alle Initiativen, die darauf&#8230;<\/p>\n","protected":false},"author":2,"featured_media":0,"parent":0,"menu_order":0,"comment_status":"closed","ping_status":"closed","template":"","meta":{"_eb_attr":"","footnotes":""},"acf":[],"yoast_head":"<!-- This site is optimized with the Yoast SEO plugin v20.13 - https:\/\/yoast.com\/wordpress\/plugins\/seo\/ -->\n<title>Startseite | Eltern Alsace<\/title>\n<meta name=\"description\" content=\"Eltern Alsace ist eine Vereinigung vertreten durch Eltern, die von der Education Nationale (Bildungswesen) anerkannt und 1995 von Eltern gegr\u00fcndet wurde, um alle Initiativen, die darauf abzielen, das Erlernen der deutschen Sprache zu erleichtern, zu f\u00f6rdern und zu unterst\u00fctzen.\" \/>\n<meta name=\"robots\" content=\"index, follow, max-snippet:-1, max-image-preview:large, max-video-preview:-1\" \/>\n<link rel=\"canonical\" href=\"https:\/\/www.eltern-bilinguisme.org\/de\/\" \/>\n<meta property=\"og:locale\" content=\"de_DE\" \/>\n<meta property=\"og:type\" content=\"article\" \/>\n<meta property=\"og:title\" content=\"Startseite | Eltern Alsace\" \/>\n<meta property=\"og:description\" content=\"Eltern Alsace ist eine Vereinigung vertreten durch Eltern, die von der Education Nationale (Bildungswesen) anerkannt und 1995 von Eltern gegr\u00fcndet wurde, um alle Initiativen, die darauf abzielen, das Erlernen der deutschen Sprache zu erleichtern, zu f\u00f6rdern und zu unterst\u00fctzen.\" \/>\n<meta property=\"og:url\" content=\"https:\/\/www.eltern-bilinguisme.org\/de\/\" \/>\n<meta property=\"og:site_name\" content=\"Eltern Alsace\" \/>\n<meta property=\"article:publisher\" content=\"https:\/\/www.facebook.com\/ElternAlsace\" \/>\n<meta property=\"article:modified_time\" content=\"2024-07-31T08:53:45+00:00\" \/>\n<meta property=\"og:image\" content=\"https:\/\/www.eltern-bilinguisme.org\/wp-content\/uploads\/2022\/09\/enseignement-bilingue.jpg\" \/>\n<meta name=\"twitter:card\" content=\"summary_large_image\" \/>\n<meta name=\"twitter:label1\" content=\"Gesch\u00e4tzte Lesezeit\" \/>\n\t<meta name=\"twitter:data1\" content=\"3\u00a0Minuten\" \/>\n<script type=\"application\/ld+json\" class=\"yoast-schema-graph\">{\"@context\":\"https:\/\/schema.org\",\"@graph\":[{\"@type\":\"WebPage\",\"@id\":\"https:\/\/www.eltern-bilinguisme.org\/de\/\",\"url\":\"https:\/\/www.eltern-bilinguisme.org\/de\/\",\"name\":\"Startseite | Eltern Alsace\",\"isPartOf\":{\"@id\":\"https:\/\/www.eltern-bilinguisme.org\/de\/#website\"},\"datePublished\":\"2022-08-31T12:05:48+00:00\",\"dateModified\":\"2024-07-31T08:53:45+00:00\",\"description\":\"Eltern Alsace ist eine Vereinigung vertreten durch Eltern, die von der Education Nationale (Bildungswesen) anerkannt und 1995 von Eltern gegr\u00fcndet wurde, um alle Initiativen, die darauf abzielen, das Erlernen der deutschen Sprache zu erleichtern, zu f\u00f6rdern und zu unterst\u00fctzen.\",\"breadcrumb\":{\"@id\":\"https:\/\/www.eltern-bilinguisme.org\/de\/#breadcrumb\"},\"inLanguage\":\"de\",\"potentialAction\":[{\"@type\":\"ReadAction\",\"target\":[\"https:\/\/www.eltern-bilinguisme.org\/de\/\"]}]},{\"@type\":\"BreadcrumbList\",\"@id\":\"https:\/\/www.eltern-bilinguisme.org\/de\/#breadcrumb\",\"itemListElement\":[{\"@type\":\"ListItem\",\"position\":1,\"name\":\"Accueil\",\"item\":\"https:\/\/www.eltern-bilinguisme.org\/de\/\"},{\"@type\":\"ListItem\",\"position\":2,\"name\":\"Startseite\"}]},{\"@type\":\"WebSite\",\"@id\":\"https:\/\/www.eltern-bilinguisme.org\/de\/#website\",\"url\":\"https:\/\/www.eltern-bilinguisme.org\/de\/\",\"name\":\"Eltern Alsace\",\"description\":\"Etre bilingue, c&#039;est mettre deux fois plus de chances de son c\u00f4t\u00e9 !\",\"publisher\":{\"@id\":\"https:\/\/www.eltern-bilinguisme.org\/de\/#organization\"},\"potentialAction\":[{\"@type\":\"SearchAction\",\"target\":{\"@type\":\"EntryPoint\",\"urlTemplate\":\"https:\/\/www.eltern-bilinguisme.org\/de\/?s={search_term_string}\"},\"query-input\":\"required name=search_term_string\"}],\"inLanguage\":\"de\"},{\"@type\":\"Organization\",\"@id\":\"https:\/\/www.eltern-bilinguisme.org\/de\/#organization\",\"name\":\"Eltern Alsace\",\"url\":\"https:\/\/www.eltern-bilinguisme.org\/de\/\",\"logo\":{\"@type\":\"ImageObject\",\"inLanguage\":\"de\",\"@id\":\"https:\/\/www.eltern-bilinguisme.org\/de\/#\/schema\/logo\/image\/\",\"url\":\"https:\/\/www.eltern-bilinguisme.org\/wp-content\/uploads\/2022\/08\/logo-footer.png\",\"contentUrl\":\"https:\/\/www.eltern-bilinguisme.org\/wp-content\/uploads\/2022\/08\/logo-footer.png\",\"width\":301,\"height\":178,\"caption\":\"Eltern Alsace\"},\"image\":{\"@id\":\"https:\/\/www.eltern-bilinguisme.org\/de\/#\/schema\/logo\/image\/\"},\"sameAs\":[\"https:\/\/www.facebook.com\/ElternAlsace\",\"https:\/\/www.instagram.com\/elternalsace\/\"]}]}<\/script>\n<!-- \/ Yoast SEO plugin. -->","yoast_head_json":{"title":"Startseite | Eltern Alsace","description":"Eltern Alsace ist eine Vereinigung vertreten durch Eltern, die von der Education Nationale (Bildungswesen) anerkannt und 1995 von Eltern gegr\u00fcndet wurde, um alle Initiativen, die darauf abzielen, das Erlernen der deutschen Sprache zu erleichtern, zu f\u00f6rdern und zu unterst\u00fctzen.","robots":{"index":"index","follow":"follow","max-snippet":"max-snippet:-1","max-image-preview":"max-image-preview:large","max-video-preview":"max-video-preview:-1"},"canonical":"https:\/\/www.eltern-bilinguisme.org\/de\/","og_locale":"de_DE","og_type":"article","og_title":"Startseite | Eltern Alsace","og_description":"Eltern Alsace ist eine Vereinigung vertreten durch Eltern, die von der Education Nationale (Bildungswesen) anerkannt und 1995 von Eltern gegr\u00fcndet wurde, um alle Initiativen, die darauf abzielen, das Erlernen der deutschen Sprache zu erleichtern, zu f\u00f6rdern und zu unterst\u00fctzen.","og_url":"https:\/\/www.eltern-bilinguisme.org\/de\/","og_site_name":"Eltern Alsace","article_publisher":"https:\/\/www.facebook.com\/ElternAlsace","article_modified_time":"2024-07-31T08:53:45+00:00","og_image":[{"url":"https:\/\/www.eltern-bilinguisme.org\/wp-content\/uploads\/2022\/09\/enseignement-bilingue.jpg"}],"twitter_card":"summary_large_image","twitter_misc":{"Gesch\u00e4tzte Lesezeit":"3\u00a0Minuten"},"schema":{"@context":"https:\/\/schema.org","@graph":[{"@type":"WebPage","@id":"https:\/\/www.eltern-bilinguisme.org\/de\/","url":"https:\/\/www.eltern-bilinguisme.org\/de\/","name":"Startseite | Eltern Alsace","isPartOf":{"@id":"https:\/\/www.eltern-bilinguisme.org\/de\/#website"},"datePublished":"2022-08-31T12:05:48+00:00","dateModified":"2024-07-31T08:53:45+00:00","description":"Eltern Alsace ist eine Vereinigung vertreten durch Eltern, die von der Education Nationale (Bildungswesen) anerkannt und 1995 von Eltern gegr\u00fcndet wurde, um alle Initiativen, die darauf abzielen, das Erlernen der deutschen Sprache zu erleichtern, zu f\u00f6rdern und zu unterst\u00fctzen.","breadcrumb":{"@id":"https:\/\/www.eltern-bilinguisme.org\/de\/#breadcrumb"},"inLanguage":"de","potentialAction":[{"@type":"ReadAction","target":["https:\/\/www.eltern-bilinguisme.org\/de\/"]}]},{"@type":"BreadcrumbList","@id":"https:\/\/www.eltern-bilinguisme.org\/de\/#breadcrumb","itemListElement":[{"@type":"ListItem","position":1,"name":"Accueil","item":"https:\/\/www.eltern-bilinguisme.org\/de\/"},{"@type":"ListItem","position":2,"name":"Startseite"}]},{"@type":"WebSite","@id":"https:\/\/www.eltern-bilinguisme.org\/de\/#website","url":"https:\/\/www.eltern-bilinguisme.org\/de\/","name":"Eltern Alsace","description":"Etre bilingue, c&#039;est mettre deux fois plus de chances de son c\u00f4t\u00e9 !","publisher":{"@id":"https:\/\/www.eltern-bilinguisme.org\/de\/#organization"},"potentialAction":[{"@type":"SearchAction","target":{"@type":"EntryPoint","urlTemplate":"https:\/\/www.eltern-bilinguisme.org\/de\/?s={search_term_string}"},"query-input":"required name=search_term_string"}],"inLanguage":"de"},{"@type":"Organization","@id":"https:\/\/www.eltern-bilinguisme.org\/de\/#organization","name":"Eltern Alsace","url":"https:\/\/www.eltern-bilinguisme.org\/de\/","logo":{"@type":"ImageObject","inLanguage":"de","@id":"https:\/\/www.eltern-bilinguisme.org\/de\/#\/schema\/logo\/image\/","url":"https:\/\/www.eltern-bilinguisme.org\/wp-content\/uploads\/2022\/08\/logo-footer.png","contentUrl":"https:\/\/www.eltern-bilinguisme.org\/wp-content\/uploads\/2022\/08\/logo-footer.png","width":301,"height":178,"caption":"Eltern Alsace"},"image":{"@id":"https:\/\/www.eltern-bilinguisme.org\/de\/#\/schema\/logo\/image\/"},"sameAs":["https:\/\/www.facebook.com\/ElternAlsace","https:\/\/www.instagram.com\/elternalsace\/"]}]}},"publishpress_future_action":{"enabled":false,"date":"1970-01-01 01:00:00","action":"","terms":[],"taxonomy":"","browser_timezone_offset":0},"_links":{"self":[{"href":"https:\/\/www.eltern-bilinguisme.org\/de\/wp-json\/wp\/v2\/pages\/987"}],"collection":[{"href":"https:\/\/www.eltern-bilinguisme.org\/de\/wp-json\/wp\/v2\/pages"}],"about":[{"href":"https:\/\/www.eltern-bilinguisme.org\/de\/wp-json\/wp\/v2\/types\/page"}],"author":[{"embeddable":true,"href":"https:\/\/www.eltern-bilinguisme.org\/de\/wp-json\/wp\/v2\/users\/2"}],"replies":[{"embeddable":true,"href":"https:\/\/www.eltern-bilinguisme.org\/de\/wp-json\/wp\/v2\/comments?post=987"}],"version-history":[{"count":20,"href":"https:\/\/www.eltern-bilinguisme.org\/de\/wp-json\/wp\/v2\/pages\/987\/revisions"}],"predecessor-version":[{"id":4852,"href":"https:\/\/www.eltern-bilinguisme.org\/de\/wp-json\/wp\/v2\/pages\/987\/revisions\/4852"}],"wp:attachment":[{"href":"https:\/\/www.eltern-bilinguisme.org\/de\/wp-json\/wp\/v2\/media?parent=987"}],"curies":[{"name":"wp","href":"https:\/\/api.w.org\/{rel}","templated":true}]}}